{"id":301,"date":"2025-04-15T20:13:20","date_gmt":"2025-04-15T18:13:20","guid":{"rendered":"https:\/\/wocadlo.de\/fw\/?post_type=product&#038;p=301"},"modified":"2025-08-17T11:26:16","modified_gmt":"2025-08-17T09:26:16","slug":"schwaelmer-schrank-1760-mit-blumenintarsien","status":"publish","type":"product","link":"https:\/\/wocadlo.de\/fw\/produkt\/schwaelmer-schrank-1760-mit-blumenintarsien\/","title":{"rendered":"Schw\u00e4lmer Schrank 1760 mit Blumenintarsien"},"content":{"rendered":"<p><strong data-start=\"424\" data-end=\"489\">Schw\u00e4lmer Bauernschrank mit Blumenintarsien \u2013 um 1760<\/strong><\/p>\n<p class=\"\" data-start=\"491\" data-end=\"543\"><strong data-start=\"491\" data-end=\"505\">Objektart:<\/strong><br data-start=\"505\" data-end=\"508\" \/>Schw\u00e4lmer zweit\u00fcriger Bauernschrank<\/p>\n<p class=\"\" data-start=\"545\" data-end=\"576\"><strong data-start=\"545\" data-end=\"565\">Entstehungszeit:<\/strong><br data-start=\"565\" data-end=\"568\" \/>Ca. 1760<\/p>\n<p class=\"\" data-start=\"578\" data-end=\"665\"><strong data-start=\"578\" data-end=\"591\">Herkunft:<\/strong><br data-start=\"591\" data-end=\"594\" \/>Schwalmregion, Nordhessen (Ziegenhain \u2013 Homberg \u2013 Neukirchen \u2013 Alsfeld)<\/p>\n<p class=\"\" data-start=\"667\" data-end=\"747\"><strong data-start=\"667\" data-end=\"684\">Stilrichtung:<\/strong><br data-start=\"684\" data-end=\"687\" \/>Barock, l\u00e4ndlich-volkst\u00fcmlich mit klassizistischen Ankl\u00e4ngen<\/p>\n<hr class=\"\" data-start=\"749\" data-end=\"752\" \/>\n<h3 class=\"\" data-start=\"754\" data-end=\"789\"><strong data-start=\"761\" data-end=\"789\">Material &amp; Verarbeitung:<\/strong><\/h3>\n<ul data-start=\"790\" data-end=\"1187\">\n<li class=\"\" data-start=\"790\" data-end=\"842\">\n<p class=\"\" data-start=\"792\" data-end=\"842\">Holz: Eiche massiv (Rahmung, F\u00fcllungen und Sockel)<\/p>\n<\/li>\n<li class=\"\" data-start=\"843\" data-end=\"918\">\n<p class=\"\" data-start=\"845\" data-end=\"918\">Dekor: Zwei eingelassene florale <strong data-start=\"878\" data-end=\"897\">Blumenintarsien<\/strong> auf den T\u00fcrf\u00fcllungen<\/p>\n<\/li>\n<li class=\"\" data-start=\"919\" data-end=\"1187\">\n<p class=\"\" data-start=\"921\" data-end=\"937\">Weitere Details:<\/p>\n<ul data-start=\"940\" data-end=\"1187\">\n<li class=\"\" data-start=\"940\" data-end=\"997\">\n<p class=\"\" data-start=\"942\" data-end=\"997\">Stark profilierter Sockel mit mehrfach gestuftem Aufbau<\/p>\n<\/li>\n<li class=\"\" data-start=\"1000\" data-end=\"1073\">\n<p class=\"\" data-start=\"1002\" data-end=\"1073\">Breites Kranzgesims mit <strong data-start=\"1026\" data-end=\"1052\">Stern- und Rankenfries<\/strong> als Flachschnitzerei<\/p>\n<\/li>\n<li class=\"\" data-start=\"1076\" data-end=\"1137\">\n<p class=\"\" data-start=\"1078\" data-end=\"1137\">Klassische Lisenenoptik an den Seiten (senkrechte &#8222;S\u00e4ulen&#8220;)<\/p>\n<\/li>\n<li class=\"\" data-start=\"1140\" data-end=\"1187\">\n<p class=\"\" data-start=\"1142\" data-end=\"1187\">Barockes Eisenschloss mit originalem Beschlag<\/p>\n<\/li>\n<\/ul>\n<\/li>\n<\/ul>\n<h3 class=\"\" data-start=\"1194\" data-end=\"1254\">Ma\u00dfe<\/h3>\n<ul data-start=\"1255\" data-end=\"1313\">\n<li class=\"\" data-start=\"1255\" data-end=\"1273\">\n<p class=\"\" data-start=\"1257\" data-end=\"1273\">H\u00f6he: ca. 200\u202fcm<\/p>\n<\/li>\n<li class=\"\" data-start=\"1274\" data-end=\"1294\">\n<p class=\"\" data-start=\"1276\" data-end=\"1294\">Breite: ca. 160\u202fcm<\/p>\n<\/li>\n<li class=\"\" data-start=\"1295\" data-end=\"1313\">\n<p class=\"\" data-start=\"1297\" data-end=\"1313\">Tiefe: ca. 70\u202fcm<\/p>\n<\/li>\n<\/ul>\n<hr class=\"\" data-start=\"1315\" data-end=\"1318\" \/>\n<h3 class=\"\" data-start=\"1320\" data-end=\"1346\"><strong data-start=\"1327\" data-end=\"1346\">Besonderheiten:<\/strong><\/h3>\n<ul data-start=\"1347\" data-end=\"1635\">\n<li class=\"\" data-start=\"1347\" data-end=\"1402\">\n<p class=\"\" data-start=\"1349\" data-end=\"1402\">Originale Intarsien (Blumen) in sehr guter Ausf\u00fchrung<\/p>\n<\/li>\n<li class=\"\" data-start=\"1403\" data-end=\"1505\">\n<p class=\"\" data-start=\"1405\" data-end=\"1505\">Klassisches Schw\u00e4lmer Motiv \u2013 Blumenstil variiert leicht regional (teilweise Rosen, Tulpen, Disteln)<\/p>\n<\/li>\n<li class=\"\" data-start=\"1506\" data-end=\"1561\">\n<p class=\"\" data-start=\"1508\" data-end=\"1561\">Gut erhaltene Oberfl\u00e4che mit Patina, gewachst<\/p>\n<\/li>\n<li class=\"\" data-start=\"1562\" data-end=\"1635\">\n<p class=\"\" data-start=\"1564\" data-end=\"1635\">Keine sichtbaren gr\u00f6\u00dferen Sch\u00e4den \u2013 fachgerechte Lagerung vorausgesetzt<\/p>\n<\/li>\n<\/ul>\n<hr class=\"\" data-start=\"1637\" data-end=\"1640\" \/>\n<p class=\"\" data-start=\"1889\" data-end=\"1986\">Diese Schr\u00e4nke sind aufgrund ihres massiven Aufbaus und regionalen Charmes besonders beliebt bei:<\/p>\n<ul data-start=\"1987\" data-end=\"2148\">\n<li class=\"\" data-start=\"1987\" data-end=\"2025\">\n<p class=\"\" data-start=\"1989\" data-end=\"2025\"><strong data-start=\"1989\" data-end=\"2025\">Liebhabern hessischer Volkskunst<\/strong><\/p>\n<\/li>\n<li class=\"\" data-start=\"2026\" data-end=\"2055\">\n<p class=\"\" data-start=\"2028\" data-end=\"2055\"><strong data-start=\"2028\" data-end=\"2055\">Museen und Heimatstuben<\/strong><\/p>\n<\/li>\n<li class=\"\" data-start=\"2056\" data-end=\"2088\">\n<p class=\"\" data-start=\"2058\" data-end=\"2088\"><strong data-start=\"2058\" data-end=\"2088\">Sammlern b\u00e4uerlicher M\u00f6bel<\/strong><\/p>\n<\/li>\n<li class=\"\" data-start=\"2089\" data-end=\"2148\">\n<p class=\"\" data-start=\"2091\" data-end=\"2148\"><strong data-start=\"2091\" data-end=\"2148\">Einrichtern mit Fokus auf l\u00e4ndlich-authentische Stile<\/strong><\/p>\n<\/li>\n<\/ul>\n","protected":false},"excerpt":{"rendered":"<p>Schw\u00e4lmer Bauernschrank mit Blumenintarsien \u2013 um 1760 Objektart:Schw\u00e4lmer zweit\u00fcriger Bauernschrank Entstehungszeit:Ca. 1760 Herkunft:Schwalmregion, Nordhessen (Ziegenhain \u2013 Homberg \u2013 Neukirchen \u2013 Alsfeld) Stilrichtung:Barock, [&hellip;]<\/p>\n","protected":false},"featured_media":302,"comment_status":"open","ping_status":"closed","template":"","meta":[],"product_brand":[],"product_cat":[17],"product_tag":[],"class_list":["post-301","product","type-product","status-publish","has-post-thumbnail","product_cat-schraenke","first","instock","sale","shipping-taxable","purchasable","product-type-simple"],"jetpack_sharing_enabled":true,"_links":{"self":[{"href":"https:\/\/wocadlo.de\/fw\/wp-json\/wp\/v2\/product\/301","targetHints":{"allow":["GET"]}}],"collection":[{"href":"https:\/\/wocadlo.de\/fw\/wp-json\/wp\/v2\/product"}],"about":[{"href":"https:\/\/wocadlo.de\/fw\/wp-json\/wp\/v2\/types\/product"}],"replies":[{"embeddable":true,"href":"https:\/\/wocadlo.de\/fw\/wp-json\/wp\/v2\/comments?post=301"}],"wp:featuredmedia":[{"embeddable":true,"href":"https:\/\/wocadlo.de\/fw\/wp-json\/wp\/v2\/media\/302"}],"wp:attachment":[{"href":"https:\/\/wocadlo.de\/fw\/wp-json\/wp\/v2\/media?parent=301"}],"wp:term":[{"taxonomy":"product_brand","embeddable":true,"href":"https:\/\/wocadlo.de\/fw\/wp-json\/wp\/v2\/product_brand?post=301"},{"taxonomy":"product_cat","embeddable":true,"href":"https:\/\/wocadlo.de\/fw\/wp-json\/wp\/v2\/product_cat?post=301"},{"taxonomy":"product_tag","embeddable":true,"href":"https:\/\/wocadlo.de\/fw\/wp-json\/wp\/v2\/product_tag?post=301"}],"curies":[{"name":"wp","href":"https:\/\/api.w.org\/{rel}","templated":true}]}}