{"id":303,"date":"2025-04-15T23:25:08","date_gmt":"2025-04-15T21:25:08","guid":{"rendered":"https:\/\/wocadlo.de\/fw\/?post_type=product&#038;p=303"},"modified":"2025-10-30T13:17:51","modified_gmt":"2025-10-30T12:17:51","slug":"frankfurter-nasenschrank-eintuerig-mit-sternintarsien-1760","status":"publish","type":"product","link":"https:\/\/wocadlo.de\/fw\/produkt\/frankfurter-nasenschrank-eintuerig-mit-sternintarsien-1760\/","title":{"rendered":"Frankfurter Nasenschrank eint\u00fcrig mit Sternintarsien 1760"},"content":{"rendered":"<p><strong data-start=\"350\" data-end=\"416\">Frankfurter Nasenschrank mit Sternintarsien \u2013 ca. 1760<\/strong><\/p>\n<p class=\"\" data-start=\"418\" data-end=\"469\"><strong data-start=\"418\" data-end=\"432\">Objektart:<\/strong><br data-start=\"432\" data-end=\"435\" \/>Frankfurter Nasenschrank, eint\u00fcrig<\/p>\n<p class=\"\" data-start=\"471\" data-end=\"501\"><strong data-start=\"471\" data-end=\"491\">Entstehungszeit:<\/strong><br data-start=\"491\" data-end=\"494\" \/>Um 1760<\/p>\n<p class=\"\" data-start=\"503\" data-end=\"572\"><strong data-start=\"503\" data-end=\"516\">Herkunft:<\/strong><br data-start=\"516\" data-end=\"519\" \/>Frankfurt am Main oder hessisches Umland, Deutschland<\/p>\n<p class=\"\" data-start=\"574\" data-end=\"687\"><strong data-start=\"574\" data-end=\"583\">Stil:<\/strong><br data-start=\"583\" data-end=\"586\" \/>Barock\/Fr\u00fchklassizismus, typisch f\u00fcr den Frankfurter M\u00f6belbau der zweiten H\u00e4lfte des 18. Jahrhunderts<\/p>\n<p class=\"\" data-start=\"689\" data-end=\"875\"><strong data-start=\"689\" data-end=\"702\">Material:<\/strong><br data-start=\"702\" data-end=\"705\" \/>Eiche massiv, Rahmung und F\u00fcllungen, mit originaler Sternintarsie in der T\u00fcrf\u00fcllung,<\/p>\n<p class=\"\" data-start=\"877\" data-end=\"898\"><strong data-start=\"877\" data-end=\"896\">Besonderheiten:<\/strong><\/p>\n<ul data-start=\"899\" data-end=\"1285\">\n<li class=\"\" data-start=\"899\" data-end=\"976\">\n<p class=\"\" data-start=\"901\" data-end=\"976\">Typische <strong data-start=\"910\" data-end=\"928\">\u201eNasenleisten\u201c<\/strong> an T\u00fcr und Seiten \u2013 Namensgeber des M\u00f6beltyps<\/p>\n<\/li>\n<li class=\"\" data-start=\"977\" data-end=\"1045\">\n<p class=\"\" data-start=\"979\" data-end=\"1045\">Sehr sch\u00f6n ausgearbeitete <strong data-start=\"1005\" data-end=\"1022\">Sternintarsie<\/strong> in der Mittelf\u00fcllung<\/p>\n<\/li>\n<li class=\"\" data-start=\"1046\" data-end=\"1082\">\n<p class=\"\" data-start=\"1048\" data-end=\"1082\">Originales Schloss mit Schl\u00fcssel<\/p>\n<\/li>\n<li class=\"\" data-start=\"1083\" data-end=\"1137\">\n<p class=\"\" data-start=\"1085\" data-end=\"1137\">Sockel mit profilierter Zarge und gedr\u00fcckten F\u00fc\u00dfen<\/p>\n<\/li>\n<li class=\"\" data-start=\"1138\" data-end=\"1192\">\n<p class=\"\" data-start=\"1140\" data-end=\"1192\">Originales, warmes Patina-Finish, gewachst<\/p>\n<\/li>\n<li class=\"\" data-start=\"1193\" data-end=\"1285\">\n<p class=\"\" data-start=\"1195\" data-end=\"1285\">Demontierbare Konstruktion \u2013 sehr praktisch und typisch f\u00fcr die Zeit<\/p>\n<\/li>\n<\/ul>\n<p class=\"\" data-start=\"1287\" data-end=\"1467\"><strong data-start=\"1287\" data-end=\"1299\">Zustand:<\/strong><br data-start=\"1299\" data-end=\"1302\" \/>Sehr guter Erhaltungszustand f\u00fcr das Alter, mit wenigen altersgem\u00e4\u00dfen Gebrauchsspuren. Keine erkennbaren Restaurierungsversuche, was f\u00fcr Sammler ein Pluspunkt ist.<\/p>\n<hr class=\"\" data-start=\"1469\" data-end=\"1472\" \/>\n<p class=\"\" data-start=\"1981\" data-end=\"2149\">In der Antiquit\u00e4ten-Szene \u2013 besonders im Rhein-Main-Gebiet \u2013 ist so ein Schrank sehr begehrt, vor allem in originalem Zustand mit sch\u00f6nen Details wie der Sternintarsie.<\/p>\n","protected":false},"excerpt":{"rendered":"<p>Frankfurter Nasenschrank mit Sternintarsien \u2013 ca. 1760 Objektart:Frankfurter Nasenschrank, eint\u00fcrig Entstehungszeit:Um 1760 Herkunft:Frankfurt am Main oder hessisches Umland, Deutschland Stil:Barock\/Fr\u00fchklassizismus, typisch f\u00fcr [&hellip;]<\/p>\n","protected":false},"featured_media":304,"comment_status":"open","ping_status":"closed","template":"","meta":[],"product_brand":[],"product_cat":[17],"product_tag":[],"class_list":["post-303","product","type-product","status-publish","has-post-thumbnail","product_cat-schraenke","first","instock","sale","shipping-taxable","purchasable","product-type-simple"],"jetpack_sharing_enabled":true,"_links":{"self":[{"href":"https:\/\/wocadlo.de\/fw\/wp-json\/wp\/v2\/product\/303","targetHints":{"allow":["GET"]}}],"collection":[{"href":"https:\/\/wocadlo.de\/fw\/wp-json\/wp\/v2\/product"}],"about":[{"href":"https:\/\/wocadlo.de\/fw\/wp-json\/wp\/v2\/types\/product"}],"replies":[{"embeddable":true,"href":"https:\/\/wocadlo.de\/fw\/wp-json\/wp\/v2\/comments?post=303"}],"wp:featuredmedia":[{"embeddable":true,"href":"https:\/\/wocadlo.de\/fw\/wp-json\/wp\/v2\/media\/304"}],"wp:attachment":[{"href":"https:\/\/wocadlo.de\/fw\/wp-json\/wp\/v2\/media?parent=303"}],"wp:term":[{"taxonomy":"product_brand","embeddable":true,"href":"https:\/\/wocadlo.de\/fw\/wp-json\/wp\/v2\/product_brand?post=303"},{"taxonomy":"product_cat","embeddable":true,"href":"https:\/\/wocadlo.de\/fw\/wp-json\/wp\/v2\/product_cat?post=303"},{"taxonomy":"product_tag","embeddable":true,"href":"https:\/\/wocadlo.de\/fw\/wp-json\/wp\/v2\/product_tag?post=303"}],"curies":[{"name":"wp","href":"https:\/\/api.w.org\/{rel}","templated":true}]}}