{"id":348,"date":"2025-04-16T19:50:12","date_gmt":"2025-04-16T17:50:12","guid":{"rendered":"https:\/\/wocadlo.de\/fw\/?post_type=product&#038;p=348"},"modified":"2025-08-17T12:13:34","modified_gmt":"2025-08-17T10:13:34","slug":"barockschrank-mit-5-stern-und-bandintarsien-in-roh-ca-1740","status":"publish","type":"product","link":"https:\/\/wocadlo.de\/fw\/produkt\/barockschrank-mit-5-stern-und-bandintarsien-in-roh-ca-1740\/","title":{"rendered":"Barockschrank mit 5 Stern- und Bandintarsien in roh ca. 1750"},"content":{"rendered":"<p><strong data-start=\"180\" data-end=\"264\">Zerlegbarer Barockschrank mit Sternintarsien, Eiche massiv, um 1750\u20131760<\/strong><\/p>\n<p class=\"\" data-start=\"266\" data-end=\"400\"><strong data-start=\"266\" data-end=\"279\">Herkunft:<\/strong><br data-start=\"279\" data-end=\"282\" \/>Vermutlich mitteldeutscher Raum (Hessen oder Th\u00fcringen), datierbar auf die Mitte des 18. Jahrhunderts (ca. 1750\u20131760).<\/p>\n<p class=\"\" data-start=\"402\" data-end=\"420\"><strong data-start=\"402\" data-end=\"418\">Materialien:<\/strong><\/p>\n<ul data-start=\"421\" data-end=\"618\">\n<li class=\"\" data-start=\"421\" data-end=\"519\">\n<p class=\"\" data-start=\"423\" data-end=\"519\"><strong data-start=\"423\" data-end=\"439\">Eiche massiv<\/strong>, teilweise Rahmenteile aus Eiche (typisch f\u00fcr Konstruktionen dieser Zeit)<\/p>\n<\/li>\n<li class=\"\" data-start=\"520\" data-end=\"618\">\n<p class=\"\" data-start=\"522\" data-end=\"618\"><strong data-start=\"522\" data-end=\"535\">Intarsien<\/strong> aus verschiedenen helleren H\u00f6lzern (vermutlich Ahorn, Birnbaum oder Obstholzarten)<\/p>\n<\/li>\n<\/ul>\n<p class=\"\" data-start=\"620\" data-end=\"890\"><strong data-start=\"620\" data-end=\"637\">Beschreibung:<\/strong><br data-start=\"637\" data-end=\"640\" \/>Dieser eindrucksvolle zweit\u00fcrige Barockschrank ist vollst\u00e4ndig zerlegbar \u2013 typisch f\u00fcr M\u00f6bel dieser Epoche, um sie transportf\u00e4hig zu halten. Das aufw\u00e4ndige Gesims mit Zahnschnitt- und W\u00fcrfelfries deutet auf eine gehobene handwerkliche Ausf\u00fchrung hin.<\/p>\n<ul data-start=\"892\" data-end=\"1284\">\n<li class=\"\" data-start=\"892\" data-end=\"1090\">\n<p class=\"\" data-start=\"894\" data-end=\"1090\"><strong data-start=\"894\" data-end=\"941\">Front mit f\u00fcnf dekorativen Intarsienfeldern<\/strong>, darunter zentral positionierte sechszackige Sterne in vertikal geriffeltem Kontext (eine symbolisch-religi\u00f6se oder famili\u00e4re Bedeutung ist m\u00f6glich)<\/p>\n<\/li>\n<li class=\"\" data-start=\"1091\" data-end=\"1160\">\n<p class=\"\" data-start=\"1093\" data-end=\"1160\"><strong data-start=\"1093\" data-end=\"1126\">Zierleisten und Bandintarsien<\/strong> als ornamentale Rahmung der T\u00fcren<\/p>\n<\/li>\n<li class=\"\" data-start=\"1161\" data-end=\"1210\">\n<p class=\"\" data-start=\"1163\" data-end=\"1210\"><strong data-start=\"1163\" data-end=\"1210\">Geschnitzte T\u00fcren mit aufgelegten F\u00fcllungen<\/strong><\/p>\n<\/li>\n<li class=\"\" data-start=\"1211\" data-end=\"1284\">\n<p class=\"\" data-start=\"1213\" data-end=\"1284\"><strong data-start=\"1213\" data-end=\"1284\">Originale barocke Eisenbeschl\u00e4ge und Schl\u00fcsselschilder<br \/>\n<\/strong><\/p>\n<\/li>\n<\/ul>\n<p class=\"\" data-start=\"1286\" data-end=\"1522\"><strong data-start=\"1286\" data-end=\"1314\">Stilistische Einordnung:<\/strong><br data-start=\"1314\" data-end=\"1317\" \/>Sp\u00e4tbarock in l\u00e4ndlicher Ausf\u00fchrung mit teils klassizistischen Ankl\u00e4ngen im oberen Fries. Die Kombination von geometrischen Intarsien und klaren Formen ist typisch f\u00fcr den mitteldeutschen Raum dieser Zeit.<\/p>\n<p class=\"\" data-start=\"1524\" data-end=\"1538\"><strong data-start=\"1524\" data-end=\"1536\">Zustand:<\/strong><\/p>\n<ul data-start=\"1539\" data-end=\"1840\">\n<li class=\"\" data-start=\"1539\" data-end=\"1592\">\n<p class=\"\" data-start=\"1541\" data-end=\"1592\">Patina intakt, Gebrauchsspuren altersentsprechend<\/p>\n<\/li>\n<li class=\"\" data-start=\"1593\" data-end=\"1708\">\n<p class=\"\" data-start=\"1595\" data-end=\"1708\">Oberfl\u00e4che trocken, aber intakt \u2013 eine behutsame Auffrischung mit \u00d6l oder Wachs w\u00fcrde das Holz deutlich beleben<\/p>\n<\/li>\n<li class=\"\" data-start=\"1709\" data-end=\"1772\">\n<p class=\"\" data-start=\"1711\" data-end=\"1772\">Keine sichtbaren gro\u00dffl\u00e4chigen Holzverluste oder Wurml\u00f6cher<\/p>\n<\/li>\n<li class=\"\" data-start=\"1773\" data-end=\"1799\">\n<p class=\"\" data-start=\"1775\" data-end=\"1799\">Intarsien gut erhalten<\/p>\n<\/li>\n<li class=\"\" data-start=\"1800\" data-end=\"1840\">\n<p class=\"\" data-start=\"1802\" data-end=\"1840\">Schrank scheint vollst\u00e4ndig und stabil<\/p>\n<\/li>\n<\/ul>\n<p class=\"\" data-start=\"1842\" data-end=\"1865\"><strong data-start=\"1842\" data-end=\"1863\">Ma\u00dfe:<\/strong><\/p>\n<ul data-start=\"1866\" data-end=\"1928\">\n<li class=\"\" data-start=\"1866\" data-end=\"1886\">\n<p class=\"\" data-start=\"1868\" data-end=\"1886\">H\u00f6he: ca. 190\u202fcm<\/p>\n<\/li>\n<li class=\"\" data-start=\"1887\" data-end=\"1909\">\n<p class=\"\" data-start=\"1889\" data-end=\"1909\">Breite: ca. 160\u202fcm<\/p>\n<\/li>\n<li class=\"\" data-start=\"1910\" data-end=\"1928\">\n<p class=\"\" data-start=\"1912\" data-end=\"1928\">Tiefe: ca. 60\u202fcm<\/p>\n<\/li>\n<\/ul>\n<p class=\"\" data-start=\"2207\" data-end=\"2228\"><strong data-start=\"2207\" data-end=\"2226\">Besonderheiten:<\/strong><\/p>\n<ul data-start=\"2229\" data-end=\"2518\">\n<li class=\"\" data-start=\"2229\" data-end=\"2317\">\n<p class=\"\" data-start=\"2231\" data-end=\"2317\"><strong data-start=\"2231\" data-end=\"2267\">Seltene 6-zackige Sternintarsien<\/strong> in Kombination mit Band- und Riffelverzierungen<\/p>\n<\/li>\n<li class=\"\" data-start=\"2318\" data-end=\"2394\">\n<p class=\"\" data-start=\"2320\" data-end=\"2394\"><strong data-start=\"2320\" data-end=\"2347\">Zerlegbare Konstruktion<\/strong> \u2013 ein Hinweis auf qualit\u00e4tsvolle Herstellung<\/p>\n<\/li>\n<li class=\"\" data-start=\"2395\" data-end=\"2453\">\n<p class=\"\" data-start=\"2397\" data-end=\"2453\"><strong data-start=\"2397\" data-end=\"2451\">L\u00e4ndlicher Barock mit kunsthandwerklichem Anspruch<\/strong><\/p>\n<\/li>\n<li class=\"\" data-start=\"2454\" data-end=\"2518\">\n<p class=\"\" data-start=\"2456\" data-end=\"2518\"><strong data-start=\"2456\" data-end=\"2481\">Vielseitig einsetzbar<\/strong>: Wohnraum, Sammlung, museales Umfeld<\/p>\n<\/li>\n<\/ul>\n","protected":false},"excerpt":{"rendered":"<p>Zerlegbarer Barockschrank mit Sternintarsien, Eiche massiv, um 1750\u20131760 Herkunft:Vermutlich mitteldeutscher Raum (Hessen oder Th\u00fcringen), datierbar auf die Mitte des 18. Jahrhunderts (ca. [&hellip;]<\/p>\n","protected":false},"featured_media":349,"comment_status":"open","ping_status":"closed","template":"","meta":[],"product_brand":[],"product_cat":[17],"product_tag":[],"class_list":["post-348","product","type-product","status-publish","has-post-thumbnail","product_cat-schraenke","first","instock","sale","shipping-taxable","purchasable","product-type-simple"],"jetpack_sharing_enabled":true,"_links":{"self":[{"href":"https:\/\/wocadlo.de\/fw\/wp-json\/wp\/v2\/product\/348","targetHints":{"allow":["GET"]}}],"collection":[{"href":"https:\/\/wocadlo.de\/fw\/wp-json\/wp\/v2\/product"}],"about":[{"href":"https:\/\/wocadlo.de\/fw\/wp-json\/wp\/v2\/types\/product"}],"replies":[{"embeddable":true,"href":"https:\/\/wocadlo.de\/fw\/wp-json\/wp\/v2\/comments?post=348"}],"wp:featuredmedia":[{"embeddable":true,"href":"https:\/\/wocadlo.de\/fw\/wp-json\/wp\/v2\/media\/349"}],"wp:attachment":[{"href":"https:\/\/wocadlo.de\/fw\/wp-json\/wp\/v2\/media?parent=348"}],"wp:term":[{"taxonomy":"product_brand","embeddable":true,"href":"https:\/\/wocadlo.de\/fw\/wp-json\/wp\/v2\/product_brand?post=348"},{"taxonomy":"product_cat","embeddable":true,"href":"https:\/\/wocadlo.de\/fw\/wp-json\/wp\/v2\/product_cat?post=348"},{"taxonomy":"product_tag","embeddable":true,"href":"https:\/\/wocadlo.de\/fw\/wp-json\/wp\/v2\/product_tag?post=348"}],"curies":[{"name":"wp","href":"https:\/\/api.w.org\/{rel}","templated":true}]}}