{"id":359,"date":"2025-04-16T20:02:58","date_gmt":"2025-04-16T18:02:58","guid":{"rendered":"https:\/\/wocadlo.de\/fw\/?post_type=product&#038;p=359"},"modified":"2025-08-17T11:27:13","modified_gmt":"2025-08-17T09:27:13","slug":"kleiner-renaissance-schrank-in-eiche-ca-mitte-16-17-jahrhundert","status":"publish","type":"product","link":"https:\/\/wocadlo.de\/fw\/produkt\/kleiner-renaissance-schrank-in-eiche-ca-mitte-16-17-jahrhundert\/","title":{"rendered":"kleiner Renaissance-Schrank in Eiche ca. 1570"},"content":{"rendered":"<div class=\"flex shrink basis-auto flex-col overflow-hidden -mb-(--composer-overlap-px) [--composer-overlap-px:24px] grow\">\n<div class=\"@container h-full overflow-y-auto pb-(--composer-overlap-px) [scrollbar-gutter:stable] group-data-stream-active\/thread:[overflow-anchor:none]\">\n<div class=\"@thread-xl\/thread:pt-header-height mt-1.5 flex flex-col text-sm\">\n<article class=\"text-token-text-primary w-full\" dir=\"auto\" data-testid=\"conversation-turn-22\" data-scroll-anchor=\"false\">\n<div class=\"text-base my-auto mx-auto py-5 [--thread-content-margin:--spacing(4)] @[37rem]:[--thread-content-margin:--spacing(6)] @[70rem]:[--thread-content-margin:--spacing(12)] px-(--thread-content-margin)\">\n<div class=\"[--thread-content-max-width:32rem] @[34rem]:[--thread-content-max-width:40rem] @[64rem]:[--thread-content-max-width:48rem] mx-auto flex max-w-(--thread-content-max-width) flex-1 text-base gap-4 md:gap-5 lg:gap-6 group\/turn-messages focus-visible:outline-hidden\" tabindex=\"-1\">\n<div class=\"group\/conversation-turn relative flex w-full min-w-0 flex-col agent-turn\">\n<div class=\"relative flex-col gap-1 md:gap-3\">\n<div class=\"flex max-w-full flex-col grow\">\n<div class=\"min-h-8 text-message relative flex w-full flex-col items-end gap-2 text-start break-words whitespace-normal [.text-message+&amp;]:mt-5\" dir=\"auto\" data-message-author-role=\"assistant\" data-message-id=\"971c6af4-7978-4f4c-bf46-3bb859045a33\" data-message-model-slug=\"gpt-4o\">\n<div class=\"flex w-full flex-col gap-1 empty:hidden first:pt-[3px]\">\n<div class=\"markdown prose dark:prose-invert w-full break-words light\">\n<p class=\"\" data-start=\"463\" data-end=\"667\"><strong data-start=\"463\" data-end=\"515\">Kleiner zweit\u00fcriger Renaissance-Schrank in Eiche<\/strong><br data-start=\"515\" data-end=\"518\" \/><strong data-start=\"518\" data-end=\"532\">Datierung:<\/strong> Mitte bis sp\u00e4tes 16. Jahrhundert (ca. 1550\u20131600)<br data-start=\"581\" data-end=\"584\" \/><strong data-start=\"584\" data-end=\"597\">Herkunft:<\/strong> vermutlich S\u00fcddeutschland oder Franken<br data-start=\"636\" data-end=\"639\" \/><strong data-start=\"639\" data-end=\"652\">Material:<\/strong> Eiche massiv<\/p>\n<hr class=\"\" data-start=\"669\" data-end=\"672\" \/>\n<h4 class=\"\" data-start=\"674\" data-end=\"704\">Konstruktion &amp; Aufbau:<\/h4>\n<ul data-start=\"705\" data-end=\"1274\">\n<li class=\"\" data-start=\"705\" data-end=\"762\">\n<p class=\"\" data-start=\"707\" data-end=\"762\"><strong data-start=\"707\" data-end=\"742\">Zweit\u00fcriger, einteiliger Korpus<\/strong>, massiv gefertigt<\/p>\n<\/li>\n<li class=\"\" data-start=\"763\" data-end=\"944\">\n<p class=\"\" data-start=\"765\" data-end=\"944\">T\u00fcren mit jeweils zwei \u00fcbereinander angeordneten, tief kassettierten F\u00fcllungen, mit typischer Mehrfachprofilierung in Stufen \u2013 ein klassisches Gestaltungselement der Renaissance<\/p>\n<\/li>\n<li class=\"\" data-start=\"945\" data-end=\"1024\">\n<p class=\"\" data-start=\"947\" data-end=\"1024\">Die Front ist streng symmetrisch aufgebaut mit klarer vertikaler Gliederung<\/p>\n<\/li>\n<li class=\"\" data-start=\"1025\" data-end=\"1104\">\n<p class=\"\" data-start=\"1027\" data-end=\"1104\">Dezente, geschnitzte <strong data-start=\"1048\" data-end=\"1067\">Rankenornamente<\/strong> in den oberen Ecken der T\u00fcrrahmung<\/p>\n<\/li>\n<li class=\"\" data-start=\"1105\" data-end=\"1181\">\n<p class=\"\" data-start=\"1107\" data-end=\"1181\">Originales oder sehr altes Schloss<\/p>\n<\/li>\n<li class=\"\" data-start=\"1182\" data-end=\"1274\">\n<p class=\"\" data-start=\"1184\" data-end=\"1274\">Sockel leicht vorgesetzt mit barocker Profilierung, wohl sp\u00e4ter erg\u00e4nzt<\/p>\n<\/li>\n<\/ul>\n<hr class=\"\" data-start=\"1276\" data-end=\"1279\" \/>\n<h4 class=\"\" data-start=\"1281\" data-end=\"1312\">Gestaltung &amp; Stilistik:<\/h4>\n<ul data-start=\"1313\" data-end=\"1709\">\n<li class=\"\" data-start=\"1313\" data-end=\"1366\">\n<p class=\"\" data-start=\"1315\" data-end=\"1366\"><strong data-start=\"1315\" data-end=\"1339\">Geometrische Strenge<\/strong> in der Fl\u00e4chenaufteilung<\/p>\n<\/li>\n<li class=\"\" data-start=\"1367\" data-end=\"1492\">\n<p class=\"\" data-start=\"1369\" data-end=\"1492\"><strong data-start=\"1369\" data-end=\"1400\">Architekturbezogene Wirkung<\/strong>: Die mehrfach gestuften F\u00fcllungen erinnern an Portalrahmungen der Renaissance-Architektur<\/p>\n<\/li>\n<li class=\"\" data-start=\"1493\" data-end=\"1603\">\n<p class=\"\" data-start=\"1495\" data-end=\"1603\"><strong data-start=\"1495\" data-end=\"1517\">Dezente Ornamentik<\/strong>, im Gegensatz zum \u00fcberladenen Stil sp\u00e4terer Epochen \u2013 hier dominiert die klare Form<\/p>\n<\/li>\n<li class=\"\" data-start=\"1604\" data-end=\"1709\">\n<p class=\"\" data-start=\"1606\" data-end=\"1709\">Verwendung von Eiche spricht f\u00fcr hochwertigen M\u00f6belbau (Eiche war teuer, haltbar, schwer zu bearbeiten)<\/p>\n<\/li>\n<\/ul>\n<hr class=\"\" data-start=\"1711\" data-end=\"1714\" \/>\n<h4 class=\"\" data-start=\"1716\" data-end=\"1759\">Ma\u00dfe<\/h4>\n<ul data-start=\"1760\" data-end=\"1833\">\n<li class=\"\" data-start=\"1760\" data-end=\"1784\">\n<p class=\"\" data-start=\"1762\" data-end=\"1784\">H\u00f6he: ca. 150\u2013160\u202fcm<\/p>\n<\/li>\n<li class=\"\" data-start=\"1785\" data-end=\"1811\">\n<p class=\"\" data-start=\"1787\" data-end=\"1811\">Breite: ca. 140\u2013150\u202fcm<\/p>\n<\/li>\n<li class=\"\" data-start=\"1812\" data-end=\"1833\">\n<p class=\"\" data-start=\"1814\" data-end=\"1833\">Tiefe: ca. 50\u201360\u202fcm<\/p>\n<\/li>\n<\/ul>\n<hr class=\"\" data-start=\"1835\" data-end=\"1838\" \/>\n<h4 class=\"\" data-start=\"1840\" data-end=\"1856\">Zustand:<\/h4>\n<ul data-start=\"1857\" data-end=\"2217\">\n<li class=\"\" data-start=\"1857\" data-end=\"1910\">\n<p class=\"\" data-start=\"1859\" data-end=\"1910\"><strong data-start=\"1859\" data-end=\"1884\">Authentische Substanz<\/strong>, unrestauriert<\/p>\n<\/li>\n<li class=\"\" data-start=\"1911\" data-end=\"2008\">\n<p class=\"\" data-start=\"1913\" data-end=\"2008\">Altersbedingte Gebrauchsspuren (u.\u202fa. Absplitterungen, Kratzer, leichte Verformung am Sockel)<\/p>\n<\/li>\n<li class=\"\" data-start=\"2009\" data-end=\"2086\">\n<p class=\"\" data-start=\"2011\" data-end=\"2086\">Oberfl\u00e4che trocken und patiniert \u2013 \u00fcber Jahrzehnte unbehandelt<\/p>\n<\/li>\n<li class=\"\" data-start=\"2148\" data-end=\"2217\">\n<p class=\"\" data-start=\"2150\" data-end=\"2217\">Restaurierungsbedarf gegeben, aber <strong data-start=\"2185\" data-end=\"2215\">Substanz ist erhal<\/strong><\/p>\n<\/li>\n<\/ul>\n<h4 data-start=\"2224\" data-end=\"2256\"><\/h4>\n<h4 class=\"\" data-start=\"2224\" data-end=\"2256\">Seltenheit &amp; Bedeutung:<\/h4>\n<p class=\"\" data-start=\"2257\" data-end=\"2644\">Ein Schrank dieses Typs ist <strong data-start=\"2285\" data-end=\"2302\">extrem selten<\/strong>, da nur wenige M\u00f6bel aus der Zeit der Renaissance (vor allem in Originalsubstanz) erhalten sind. Aufgrund seiner Gr\u00f6\u00dfe handelt es sich vermutlich um einen sogenannten <strong data-start=\"2470\" data-end=\"2516\">&#8222;Stollenschrank&#8220; oder Aufbewahrungsschrank<\/strong>, nicht um einen Kleiderschrank im modernen Sinne. M\u00f6bel aus dieser Zeit waren meist Einzelfertigungen in kleineren Werkst\u00e4tten.<\/p>\n<hr class=\"\" data-start=\"2646\" data-end=\"2649\" \/>\n<\/div>\n<\/div>\n<\/div>\n<\/div>\n<\/div>\n<\/div>\n<\/div>\n<\/div>\n<\/article>\n<\/div>\n<\/div>\n<\/div>\n<p>&nbsp;<\/p>\n","protected":false},"excerpt":{"rendered":"<p>Kleiner zweit\u00fcriger Renaissance-Schrank in EicheDatierung: Mitte bis sp\u00e4tes 16. Jahrhundert (ca. 1550\u20131600)Herkunft: vermutlich S\u00fcddeutschland oder FrankenMaterial: Eiche massiv Konstruktion &amp; Aufbau: Zweit\u00fcriger, [&hellip;]<\/p>\n","protected":false},"featured_media":360,"comment_status":"open","ping_status":"closed","template":"","meta":[],"product_brand":[],"product_cat":[17],"product_tag":[],"class_list":["post-359","product","type-product","status-publish","has-post-thumbnail","product_cat-schraenke","first","instock","sale","shipping-taxable","purchasable","product-type-simple"],"jetpack_sharing_enabled":true,"_links":{"self":[{"href":"https:\/\/wocadlo.de\/fw\/wp-json\/wp\/v2\/product\/359","targetHints":{"allow":["GET"]}}],"collection":[{"href":"https:\/\/wocadlo.de\/fw\/wp-json\/wp\/v2\/product"}],"about":[{"href":"https:\/\/wocadlo.de\/fw\/wp-json\/wp\/v2\/types\/product"}],"replies":[{"embeddable":true,"href":"https:\/\/wocadlo.de\/fw\/wp-json\/wp\/v2\/comments?post=359"}],"wp:featuredmedia":[{"embeddable":true,"href":"https:\/\/wocadlo.de\/fw\/wp-json\/wp\/v2\/media\/360"}],"wp:attachment":[{"href":"https:\/\/wocadlo.de\/fw\/wp-json\/wp\/v2\/media?parent=359"}],"wp:term":[{"taxonomy":"product_brand","embeddable":true,"href":"https:\/\/wocadlo.de\/fw\/wp-json\/wp\/v2\/product_brand?post=359"},{"taxonomy":"product_cat","embeddable":true,"href":"https:\/\/wocadlo.de\/fw\/wp-json\/wp\/v2\/product_cat?post=359"},{"taxonomy":"product_tag","embeddable":true,"href":"https:\/\/wocadlo.de\/fw\/wp-json\/wp\/v2\/product_tag?post=359"}],"curies":[{"name":"wp","href":"https:\/\/api.w.org\/{rel}","templated":true}]}}