{"id":376,"date":"2025-04-16T21:11:05","date_gmt":"2025-04-16T19:11:05","guid":{"rendered":"https:\/\/wocadlo.de\/fw\/?post_type=product&#038;p=376"},"modified":"2025-08-11T17:44:11","modified_gmt":"2025-08-11T15:44:11","slug":"biedermeier-schrank-in-eiche-zum-restaurieren-ca-1820","status":"publish","type":"product","link":"https:\/\/wocadlo.de\/fw\/produkt\/biedermeier-schrank-in-eiche-zum-restaurieren-ca-1820\/","title":{"rendered":"Biedermeier-Schrank, roh belassen, ca. 1820\u20131835"},"content":{"rendered":"<div class=\"flex shrink basis-auto flex-col overflow-hidden -mb-(--composer-overlap-px) [--composer-overlap-px:24px] grow\">\n<div class=\"@container h-full overflow-y-auto pb-(--composer-overlap-px) [scrollbar-gutter:stable] group-data-stream-active\/thread:[overflow-anchor:none]\">\n<div class=\"@thread-xl\/thread:pt-header-height mt-1.5 flex flex-col text-sm\">\n<article class=\"text-token-text-primary w-full\" dir=\"auto\" data-testid=\"conversation-turn-104\" data-scroll-anchor=\"false\">\n<div class=\"text-base my-auto mx-auto py-5 [--thread-content-margin:--spacing(4)] @[37rem]:[--thread-content-margin:--spacing(6)] @[70rem]:[--thread-content-margin:--spacing(12)] px-(--thread-content-margin)\">\n<div class=\"[--thread-content-max-width:32rem] @[34rem]:[--thread-content-max-width:40rem] @[64rem]:[--thread-content-max-width:48rem] mx-auto flex max-w-(--thread-content-max-width) flex-1 text-base gap-4 md:gap-5 lg:gap-6 group\/turn-messages focus-visible:outline-hidden\" tabindex=\"-1\">\n<div class=\"group\/conversation-turn relative flex w-full min-w-0 flex-col agent-turn\">\n<div class=\"relative flex-col gap-1 md:gap-3\">\n<div class=\"flex max-w-full flex-col grow\">\n<div class=\"min-h-8 text-message relative flex w-full flex-col items-end gap-2 text-start break-words whitespace-normal [.text-message+&amp;]:mt-5\" dir=\"auto\" data-message-author-role=\"assistant\" data-message-id=\"97e6bb9a-6ef0-489b-8469-c5af78dadd0b\" data-message-model-slug=\"gpt-4o\">\n<div class=\"flex w-full flex-col gap-1 empty:hidden first:pt-[3px]\">\n<div class=\"markdown prose dark:prose-invert w-full break-words light\">\n<p class=\"\" data-start=\"0\" data-end=\"161\"><strong>S<\/strong><strong data-start=\"41\" data-end=\"87\">chlichter zweit\u00fcriger Biedermeier-Schrank<\/strong> in unrestauriertem Zustand, wahrscheinlich aus der Zeit um <strong data-start=\"147\" data-end=\"160\">1820\u20131835<\/strong>.<\/p>\n<hr class=\"\" data-start=\"163\" data-end=\"166\" \/>\n<h3 class=\"\" data-start=\"168\" data-end=\"237\"><strong data-start=\"176\" data-end=\"237\">Biedermeier-Schrank, roh belassen, ca. 1820\u20131835<\/strong><\/h3>\n<p class=\"\" data-start=\"239\" data-end=\"287\"><strong data-start=\"239\" data-end=\"253\">Objektart:<\/strong><br data-start=\"253\" data-end=\"256\" \/>Zweit\u00fcriger Biedermeier-Schrank<\/p>\n<p class=\"\" data-start=\"289\" data-end=\"319\"><strong data-start=\"289\" data-end=\"303\">Datierung:<\/strong><br data-start=\"303\" data-end=\"306\" \/>Ca. 1820\u20131835<\/p>\n<p class=\"\" data-start=\"321\" data-end=\"349\"><strong data-start=\"321\" data-end=\"330\">Stil:<\/strong><br data-start=\"330\" data-end=\"333\" \/>Fr\u00fch-Biedermeier<\/p>\n<p class=\"\" data-start=\"351\" data-end=\"487\"><strong data-start=\"351\" data-end=\"364\">Material:<\/strong><br data-start=\"364\" data-end=\"367\" \/>Vermutlich Kirschbaum (schwer zu erkennen durch Verwitterung und Staub)<\/p>\n<p class=\"\" data-start=\"489\" data-end=\"580\"><strong data-start=\"489\" data-end=\"510\">Ma\u00dfe:<\/strong><br data-start=\"510\" data-end=\"513\" \/>H\u00f6he: ca. 180\u2013190\u202fcm<br data-start=\"533\" data-end=\"536\" \/>Breite: ca. 140\u2013150\u202fcm<br data-start=\"558\" data-end=\"561\" \/>Tiefe: ca. 55\u201360\u202fcm<\/p>\n<hr class=\"\" data-start=\"582\" data-end=\"585\" \/>\n<h3 class=\"\" data-start=\"587\" data-end=\"611\"><strong data-start=\"594\" data-end=\"611\">Beschreibung:<\/strong><\/h3>\n<p class=\"\" data-start=\"613\" data-end=\"889\">Dieser elegante, aber betont sachliche Biedermeier-Schrank besticht durch seine <strong data-start=\"693\" data-end=\"723\">klaren, reduzierten Formen<\/strong> \u2013 typisch f\u00fcr die Fr\u00fchphase des Biedermeier. Die T\u00fcren sind mit flachen, rechteckigen Kassetten versehen, die Ecken gerade und ohne \u00fcberfl\u00fcssige Ornamentik gehalten.<\/p>\n<p class=\"\" data-start=\"891\" data-end=\"1076\">Das stark auskragende Kranzgesims mit umlaufendem Profil betont die horizontale Gliederung des M\u00f6belst\u00fccks. Seitlich abgeschr\u00e4gte Lisenen und das kr\u00e4ftige Sockelprofil sind stiltypisch.<\/p>\n<hr class=\"\" data-start=\"1078\" data-end=\"1081\" \/>\n<h3 class=\"\" data-start=\"1083\" data-end=\"1102\"><strong data-start=\"1090\" data-end=\"1102\">Zustand:<\/strong><\/h3>\n<ul data-start=\"1104\" data-end=\"1364\">\n<li class=\"\" data-start=\"1104\" data-end=\"1136\">\n<p class=\"\" data-start=\"1106\" data-end=\"1136\">Rohzustand \/ stark verstaubt<\/p>\n<\/li>\n<li class=\"\" data-start=\"1137\" data-end=\"1207\">\n<p class=\"\" data-start=\"1139\" data-end=\"1207\">Originale Beschl\u00e4ge und Schl\u00fcsselloch vorhanden<\/p>\n<\/li>\n<li class=\"\" data-start=\"1208\" data-end=\"1251\">\n<p class=\"\" data-start=\"1210\" data-end=\"1251\">Oberfl\u00e4che verschmutzt, ggf. verwittert<\/p>\n<\/li>\n<li class=\"\" data-start=\"1321\" data-end=\"1364\">\n<p class=\"\" data-start=\"1323\" data-end=\"1364\">Keine sichtbaren massiven Holzwurmsch\u00e4den<\/p>\n<\/li>\n<\/ul>\n<h3 class=\"\" data-start=\"1551\" data-end=\"1577\"><strong data-start=\"1558\" data-end=\"1577\">Besonderheiten:<\/strong><\/h3>\n<ul data-start=\"1579\" data-end=\"1847\">\n<li class=\"\" data-start=\"1579\" data-end=\"1661\">\n<p class=\"\" data-start=\"1581\" data-end=\"1661\">Zeittypisches M\u00f6belst\u00fcck aus der \u00dcbergangszeit zwischen Empire und Biedermeier<\/p>\n<\/li>\n<li class=\"\" data-start=\"1662\" data-end=\"1748\">\n<p class=\"\" data-start=\"1664\" data-end=\"1748\">Besonders geeignet f\u00fcr Restaurierung oder Einrichtung im puristischen Landhausstil<\/p>\n<\/li>\n<li class=\"\" data-start=\"1749\" data-end=\"1847\">\n<p class=\"\" data-start=\"1751\" data-end=\"1847\">Gut proportionierter Korpus, ideal f\u00fcr moderne Nutzung als Garderobe, B\u00fccher- oder W\u00e4scheschrank<\/p>\n<\/li>\n<\/ul>\n<ul data-start=\"1895\" data-end=\"2068\">\n<li class=\"\" data-start=\"1962\" data-end=\"2011\">\n<p class=\"\" data-start=\"1964\" data-end=\"2011\"><strong data-start=\"1964\" data-end=\"1976\">Zustand:<\/strong> unrestauriert, original belassen<\/p>\n<\/li>\n<li class=\"\" data-start=\"2012\" data-end=\"2068\">\n<p class=\"\" data-start=\"2014\" data-end=\"2068\"><strong data-start=\"2014\" data-end=\"2029\">Provenienz:<\/strong> vermutlich S\u00fcd- oder Mitteldeutschland<\/p>\n<\/li>\n<\/ul>\n<\/div>\n<\/div>\n<\/div>\n<\/div>\n<\/div>\n<\/div>\n<\/div>\n<\/div>\n<\/article>\n<\/div>\n<\/div>\n<\/div>\n","protected":false},"excerpt":{"rendered":"<p>Schlichter zweit\u00fcriger Biedermeier-Schrank in unrestauriertem Zustand, wahrscheinlich aus der Zeit um 1820\u20131835. Biedermeier-Schrank, roh belassen, ca. 1820\u20131835 Objektart:Zweit\u00fcriger Biedermeier-Schrank Datierung:Ca. 1820\u20131835 Stil:Fr\u00fch-Biedermeier [&hellip;]<\/p>\n","protected":false},"featured_media":380,"comment_status":"open","ping_status":"closed","template":"","meta":[],"product_brand":[],"product_cat":[17],"product_tag":[],"class_list":["post-376","product","type-product","status-publish","has-post-thumbnail","product_cat-schraenke","first","instock","sale","shipping-taxable","purchasable","product-type-simple"],"jetpack_sharing_enabled":true,"_links":{"self":[{"href":"https:\/\/wocadlo.de\/fw\/wp-json\/wp\/v2\/product\/376","targetHints":{"allow":["GET"]}}],"collection":[{"href":"https:\/\/wocadlo.de\/fw\/wp-json\/wp\/v2\/product"}],"about":[{"href":"https:\/\/wocadlo.de\/fw\/wp-json\/wp\/v2\/types\/product"}],"replies":[{"embeddable":true,"href":"https:\/\/wocadlo.de\/fw\/wp-json\/wp\/v2\/comments?post=376"}],"wp:featuredmedia":[{"embeddable":true,"href":"https:\/\/wocadlo.de\/fw\/wp-json\/wp\/v2\/media\/380"}],"wp:attachment":[{"href":"https:\/\/wocadlo.de\/fw\/wp-json\/wp\/v2\/media?parent=376"}],"wp:term":[{"taxonomy":"product_brand","embeddable":true,"href":"https:\/\/wocadlo.de\/fw\/wp-json\/wp\/v2\/product_brand?post=376"},{"taxonomy":"product_cat","embeddable":true,"href":"https:\/\/wocadlo.de\/fw\/wp-json\/wp\/v2\/product_cat?post=376"},{"taxonomy":"product_tag","embeddable":true,"href":"https:\/\/wocadlo.de\/fw\/wp-json\/wp\/v2\/product_tag?post=376"}],"curies":[{"name":"wp","href":"https:\/\/api.w.org\/{rel}","templated":true}]}}