{"id":434,"date":"2025-04-17T18:16:10","date_gmt":"2025-04-17T16:16:10","guid":{"rendered":"https:\/\/wocadlo.de\/fw\/?post_type=product&#038;p=434"},"modified":"2025-08-17T12:05:31","modified_gmt":"2025-08-17T10:05:31","slug":"truhe-mit-vier-verkroepften-fuellungsfelder-in-eiche","status":"publish","type":"product","link":"https:\/\/wocadlo.de\/fw\/produkt\/truhe-mit-vier-verkroepften-fuellungsfelder-in-eiche\/","title":{"rendered":"Fr\u00e4nkische Renaissance-Faltwerktruhe aus Eiche \u2013 um 1650\u20131700"},"content":{"rendered":"<div class=\"flex shrink basis-auto flex-col overflow-hidden -mb-(--composer-overlap-px) [--composer-overlap-px:24px] grow\">\n<div class=\"@container h-full overflow-y-auto pb-(--composer-overlap-px) [scrollbar-gutter:stable] group-data-stream-active\/thread:[overflow-anchor:none]\">\n<div class=\"@thread-xl\/thread:pt-header-height mt-1.5 flex flex-col text-sm\">\n<article class=\"text-token-text-primary w-full\" dir=\"auto\" data-testid=\"conversation-turn-28\" data-scroll-anchor=\"false\">\n<div class=\"text-base my-auto mx-auto py-5 [--thread-content-margin:--spacing(4)] @[37rem]:[--thread-content-margin:--spacing(6)] @[70rem]:[--thread-content-margin:--spacing(12)] px-(--thread-content-margin)\">\n<div class=\"[--thread-content-max-width:32rem] @[34rem]:[--thread-content-max-width:40rem] @[64rem]:[--thread-content-max-width:48rem] mx-auto flex max-w-(--thread-content-max-width) flex-1 text-base gap-4 md:gap-5 lg:gap-6 group\/turn-messages focus-visible:outline-hidden\" tabindex=\"-1\">\n<div class=\"group\/conversation-turn relative flex w-full min-w-0 flex-col agent-turn\">\n<div class=\"relative flex-col gap-1 md:gap-3\">\n<div class=\"flex max-w-full flex-col grow\">\n<div class=\"min-h-8 text-message relative flex w-full flex-col items-end gap-2 text-start break-words whitespace-normal [.text-message+&amp;]:mt-5\" dir=\"auto\" data-message-author-role=\"assistant\" data-message-id=\"858f4793-ef7a-467d-972f-090375471ead\" data-message-model-slug=\"gpt-4o\">\n<div class=\"flex w-full flex-col gap-1 empty:hidden first:pt-[3px]\">\n<div class=\"markdown prose dark:prose-invert w-full break-words light\">\n<h3 class=\"\" data-start=\"252\" data-end=\"313\"><strong data-start=\"259\" data-end=\"313\">Fr\u00e4nkische Renaissance-Faltwerktuhe \u2013 um 1650\u20131700<\/strong><\/h3>\n<p class=\"\" data-start=\"315\" data-end=\"537\"><strong data-start=\"315\" data-end=\"340\">Herkunft &amp; Datierung:<\/strong><br data-start=\"340\" data-end=\"343\" \/>Fr\u00e4nkischer Raum (vermutlich Oberfranken oder S\u00fcdth\u00fcringen), um <strong data-start=\"407\" data-end=\"424\">1650 bis 1700<\/strong>. Typische l\u00e4ndliche Auspr\u00e4gung der Renaissance mit regionalem Einfluss und sp\u00e4ter Nachwirkung in der Barockzeit.<\/p>\n<p class=\"\" data-start=\"539\" data-end=\"811\"><strong data-start=\"539\" data-end=\"552\">Material:<\/strong><br data-start=\"552\" data-end=\"555\" \/>Massive Eiche, wohl \u00fcberwiegend im Originalzustand. Die F\u00fcllungen zeigen geschnitztes Faltwerk (Tiefenrelief in Stufenoptik), flankiert von achteckigen profilierten Kassetten. Originales Schloss mit Schl\u00fcsselschild und Schl\u00fcssel vorhanden,<\/p>\n<p class=\"\" data-start=\"813\" data-end=\"830\"><strong data-start=\"813\" data-end=\"828\">Gestaltung:<\/strong><\/p>\n<ul data-start=\"831\" data-end=\"1267\">\n<li class=\"\" data-start=\"831\" data-end=\"978\">\n<p class=\"\" data-start=\"833\" data-end=\"978\"><strong data-start=\"833\" data-end=\"843\">Front:<\/strong> Drei Felder mit geschnitzten Zierf\u00fcllungen: au\u00dfen je eine achteckige Kassette, mittig zwei vertikale Faltwerkf\u00fcllungen in Treppenform.<\/p>\n<\/li>\n<li class=\"\" data-start=\"979\" data-end=\"1057\">\n<p class=\"\" data-start=\"981\" data-end=\"1057\"><strong data-start=\"981\" data-end=\"995\">Beschl\u00e4ge:<\/strong> Original \u2013 typisch schlicht, schmiedeeisern.<\/p>\n<\/li>\n<li class=\"\" data-start=\"1058\" data-end=\"1182\">\n<p class=\"\" data-start=\"1060\" data-end=\"1182\"><strong data-start=\"1060\" data-end=\"1071\">Deckel:<\/strong> Leicht \u00fcberstehend, glatt,<\/p>\n<\/li>\n<li class=\"\" data-start=\"1183\" data-end=\"1267\">\n<p class=\"\" data-start=\"1185\" data-end=\"1267\"><strong data-start=\"1185\" data-end=\"1194\">F\u00fc\u00dfe:<\/strong> Kugelf\u00fc\u00dfe, typisch f\u00fcr M\u00f6bel der sp\u00e4ten Renaissance bzw. Fr\u00fchbarockzeit.<\/p>\n<\/li>\n<\/ul>\n<p class=\"\" data-start=\"1269\" data-end=\"1504\"><strong data-start=\"1269\" data-end=\"1281\">Zustand:<\/strong><br data-start=\"1281\" data-end=\"1284\" \/>Gebrauchsspuren und Patina dem Alter entsprechend. Kleinere Trockenrisse, aber weitgehend stabil. Oberfl\u00e4che nicht \u00fcberarbeitet, mit Wachsschicht. Sockelleiste mit leichter Besto\u00dfung.<\/p>\n<hr class=\"\" data-start=\"1506\" data-end=\"1509\" \/>\n<h3 class=\"\" data-start=\"1511\" data-end=\"1541\"><strong data-start=\"1518\" data-end=\"1539\">Ma\u00dfe:<\/strong><\/h3>\n<p class=\"\" data-start=\"1542\" data-end=\"1652\">Ca. <strong data-start=\"1546\" data-end=\"1566\">110\u2013120\u202fcm breit<\/strong>, <strong data-start=\"1568\" data-end=\"1585\">50\u201355\u202fcm hoch<\/strong>, <strong data-start=\"1587\" data-end=\"1604\">45\u201350\u202fcm tief<\/strong><br data-start=\"1604\" data-end=\"1607\" \/>(Angabe kann bei Bedarf konkretisiert werden)<\/p>\n<\/div>\n<\/div>\n<\/div>\n<\/div>\n<\/div>\n<\/div>\n<\/div>\n<\/div>\n<\/article>\n<\/div>\n<\/div>\n<\/div>\n","protected":false},"excerpt":{"rendered":"<p>Fr\u00e4nkische Renaissance-Faltwerktuhe \u2013 um 1650\u20131700 Herkunft &amp; Datierung:Fr\u00e4nkischer Raum (vermutlich Oberfranken oder S\u00fcdth\u00fcringen), um 1650 bis 1700. Typische l\u00e4ndliche Auspr\u00e4gung der Renaissance [&hellip;]<\/p>\n","protected":false},"featured_media":435,"comment_status":"open","ping_status":"closed","template":"","meta":[],"product_brand":[],"product_cat":[18],"product_tag":[],"class_list":["post-434","product","type-product","status-publish","has-post-thumbnail","product_cat-truhen","first","instock","sale","shipping-taxable","purchasable","product-type-simple"],"jetpack_sharing_enabled":true,"_links":{"self":[{"href":"https:\/\/wocadlo.de\/fw\/wp-json\/wp\/v2\/product\/434","targetHints":{"allow":["GET"]}}],"collection":[{"href":"https:\/\/wocadlo.de\/fw\/wp-json\/wp\/v2\/product"}],"about":[{"href":"https:\/\/wocadlo.de\/fw\/wp-json\/wp\/v2\/types\/product"}],"replies":[{"embeddable":true,"href":"https:\/\/wocadlo.de\/fw\/wp-json\/wp\/v2\/comments?post=434"}],"wp:featuredmedia":[{"embeddable":true,"href":"https:\/\/wocadlo.de\/fw\/wp-json\/wp\/v2\/media\/435"}],"wp:attachment":[{"href":"https:\/\/wocadlo.de\/fw\/wp-json\/wp\/v2\/media?parent=434"}],"wp:term":[{"taxonomy":"product_brand","embeddable":true,"href":"https:\/\/wocadlo.de\/fw\/wp-json\/wp\/v2\/product_brand?post=434"},{"taxonomy":"product_cat","embeddable":true,"href":"https:\/\/wocadlo.de\/fw\/wp-json\/wp\/v2\/product_cat?post=434"},{"taxonomy":"product_tag","embeddable":true,"href":"https:\/\/wocadlo.de\/fw\/wp-json\/wp\/v2\/product_tag?post=434"}],"curies":[{"name":"wp","href":"https:\/\/api.w.org\/{rel}","templated":true}]}}