{"id":468,"date":"2025-04-18T12:42:28","date_gmt":"2025-04-18T10:42:28","guid":{"rendered":"https:\/\/wocadlo.de\/fw\/?post_type=product&#038;p=468"},"modified":"2025-08-17T12:12:24","modified_gmt":"2025-08-17T10:12:24","slug":"barock-truhe-1780-mit-5-fuellungen-mit-verkroepften-fuellungsfelder","status":"publish","type":"product","link":"https:\/\/wocadlo.de\/fw\/produkt\/barock-truhe-1780-mit-5-fuellungen-mit-verkroepften-fuellungsfelder\/","title":{"rendered":"Barocke Truhe mit gekr\u00f6pften F\u00fcllungen, um 1650\u20131700"},"content":{"rendered":"<div class=\"flex shrink basis-auto flex-col overflow-hidden -mb-(--composer-overlap-px) [--composer-overlap-px:24px] grow\">\n<div class=\"@container h-full overflow-y-auto pb-(--composer-overlap-px) [scrollbar-gutter:stable] group-data-stream-active\/thread:[overflow-anchor:none]\">\n<div class=\"@thread-xl\/thread:pt-header-height mt-1.5 flex flex-col text-sm\">\n<article class=\"text-token-text-primary w-full\" dir=\"auto\" data-testid=\"conversation-turn-48\" data-scroll-anchor=\"false\">\n<div class=\"text-base my-auto mx-auto py-5 [--thread-content-margin:--spacing(4)] @[37rem]:[--thread-content-margin:--spacing(6)] @[70rem]:[--thread-content-margin:--spacing(12)] px-(--thread-content-margin)\">\n<div class=\"[--thread-content-max-width:32rem] @[34rem]:[--thread-content-max-width:40rem] @[64rem]:[--thread-content-max-width:48rem] mx-auto flex max-w-(--thread-content-max-width) flex-1 text-base gap-4 md:gap-5 lg:gap-6 group\/turn-messages focus-visible:outline-hidden\" tabindex=\"-1\">\n<div class=\"group\/conversation-turn relative flex w-full min-w-0 flex-col agent-turn\">\n<div class=\"relative flex-col gap-1 md:gap-3\">\n<div class=\"flex max-w-full flex-col grow\">\n<div class=\"min-h-8 text-message relative flex w-full flex-col items-end gap-2 text-start break-words whitespace-normal [.text-message+&amp;]:mt-5\" dir=\"auto\" data-message-author-role=\"assistant\" data-message-id=\"8386acc0-4776-43a9-96c7-3774a79c38d8\" data-message-model-slug=\"gpt-4o\">\n<div class=\"flex w-full flex-col gap-1 empty:hidden first:pt-[3px]\">\n<div class=\"markdown prose dark:prose-invert w-full break-words light\">\n<p class=\"\" data-start=\"1423\" data-end=\"1479\"><strong data-start=\"1423\" data-end=\"1479\">Barocke Truhe mit gekr\u00f6pften F\u00fcllungen, um 1650\u20131700<\/strong><\/p>\n<p class=\"\" data-start=\"1481\" data-end=\"1803\">Diese elegant gegliederte Truhe aus massivem Eichenholz stammt aus der \u00dcbergangszeit zwischen Renaissance und Barock, vermutlich aus dem s\u00fcddeutschen oder oberrheinischen Raum. Die Front ist in f\u00fcnf vertikal gegliederte Felder unterteilt, wobei die mittlere F\u00fcllung durch das originale Schl\u00fcsselschild hervorgehoben ist.<\/p>\n<p class=\"\" data-start=\"1805\" data-end=\"2178\">Besonders markant sind die <strong data-start=\"1832\" data-end=\"1878\">gekr\u00f6pften Eckprofile der zentralen Felder<\/strong>, ein kunstvolles Detail, das f\u00fcr die Sp\u00e4trenaissance typisch ist und bereits Elemente des fr\u00fchen Barocks aufgreift. Die ruhige Holzstruktur, das subtile Profil und die ausgewogene Formgebung machen diese Truhe zu einem dekorativen und zugleich authentischen Zeugnis fr\u00fchneuzeitlicher Handwerkskunst.<\/p>\n<p class=\"\" data-start=\"2180\" data-end=\"2457\"><strong data-start=\"2180\" data-end=\"2189\">Ma\u00dfe:<\/strong> (bitte erg\u00e4nzen)<br data-start=\"2206\" data-end=\"2209\" \/><strong data-start=\"2209\" data-end=\"2222\">Material:<\/strong> Eiche massiv<br data-start=\"2235\" data-end=\"2238\" \/><strong data-start=\"2238\" data-end=\"2248\">Dekor:<\/strong> Verkr\u00f6pfte Kassettenf\u00fcllungen, geschweiftes Eisenbeschlag<br data-start=\"2306\" data-end=\"2309\" \/><strong data-start=\"2309\" data-end=\"2321\">Zustand:<\/strong> Sehr gut, leichte Alterungsspuren, funktionst\u00fcchtig<br data-start=\"2373\" data-end=\"2376\" \/><strong data-start=\"2376\" data-end=\"2389\">Herkunft:<\/strong> Vermutlich S\u00fcddeutschland \/ Oberrhein<br data-start=\"2427\" data-end=\"2430\" \/><strong data-start=\"2430\" data-end=\"2444\">Datierung:<\/strong> Um 1650\u20131700<\/p>\n<p class=\"\" data-start=\"0\" data-end=\"328\">Diese Truhe mit den <strong data-start=\"20\" data-end=\"45\">verkr\u00f6pften F\u00fcllungen<\/strong> ist ein besonders sch\u00f6nes Beispiel f\u00fcr die <strong data-start=\"89\" data-end=\"128\">Sp\u00e4trenaissance bzw. Fr\u00fchbarockzeit<\/strong> im deutschsprachigen Raum. Ihre klar gegliederte Front mit den markanten Ecken in Zackenform (auch <strong data-start=\"228\" data-end=\"268\">gekr\u00f6pfte oder abgetreppte F\u00fcllungen<\/strong> genannt) ist ein typisches Gestaltungsmerkmal um 1650\u20131700.<\/p>\n<hr class=\"\" data-start=\"330\" data-end=\"333\" \/>\n<h3 class=\"\" data-start=\"335\" data-end=\"385\"><strong data-start=\"342\" data-end=\"385\">Stilistische Einordnung<\/strong><\/h3>\n<p class=\"\" data-start=\"387\" data-end=\"587\"><strong data-start=\"387\" data-end=\"398\">Objekt:<\/strong> Truhe mit gekr\u00f6pften Kassettenf\u00fcllungen<br data-start=\"438\" data-end=\"441\" \/><strong data-start=\"441\" data-end=\"455\">Datierung:<\/strong> Um <strong data-start=\"459\" data-end=\"472\">1650\u20131700<\/strong><br data-start=\"472\" data-end=\"475\" \/><strong data-start=\"475\" data-end=\"484\">Stil:<\/strong> <strong data-start=\"485\" data-end=\"517\">Sp\u00e4trenaissance \/ Fr\u00fchbarock<\/strong><br data-start=\"517\" data-end=\"520\" \/><strong data-start=\"520\" data-end=\"531\">Region:<\/strong> Vermutlich <strong data-start=\"543\" data-end=\"561\">S\u00fcddeutschland<\/strong> oder <strong data-start=\"567\" data-end=\"587\">Elsass \/ Schweiz<\/strong><\/p>\n<hr class=\"\" data-start=\"589\" data-end=\"592\" \/>\n<h3 class=\"\" data-start=\"594\" data-end=\"622\"><strong data-start=\"600\" data-end=\"622\">Besondere Merkmale<\/strong><\/h3>\n<ul data-start=\"624\" data-end=\"1051\">\n<li class=\"\" data-start=\"624\" data-end=\"692\">\n<p class=\"\" data-start=\"626\" data-end=\"692\"><strong data-start=\"626\" data-end=\"656\">F\u00fcnfteilige Kassettenfront<\/strong> mit mittiger Schlitzlochbeschlagung<\/p>\n<\/li>\n<li class=\"\" data-start=\"693\" data-end=\"794\">\n<p class=\"\" data-start=\"695\" data-end=\"794\">Verkr\u00f6pfte bzw. abgestufte Ecken der F\u00fcllungen \u2013 typisch f\u00fcr den \u00dcbergang von Renaissance zu Barock<\/p>\n<\/li>\n<li class=\"\" data-start=\"795\" data-end=\"867\">\n<p class=\"\" data-start=\"797\" data-end=\"867\">Eisen-Schl\u00fcsselschild mit geschweifter Form, original oder alt erg\u00e4nzt<\/p>\n<\/li>\n<li class=\"\" data-start=\"868\" data-end=\"931\">\n<p class=\"\" data-start=\"870\" data-end=\"931\">Aus massivem Eichenholz gearbeitet, sch\u00f6ne lebendige Maserung<\/p>\n<\/li>\n<li class=\"\" data-start=\"932\" data-end=\"1000\">\n<p class=\"\" data-start=\"934\" data-end=\"1000\">Profilierter Sockel, klare Linienf\u00fchrung und kompakte Proportionen<\/p>\n<\/li>\n<li class=\"\" data-start=\"1001\" data-end=\"1051\">\n<p class=\"\" data-start=\"1003\" data-end=\"1051\">Truhendeckel leicht \u00fcberstehend mit Profilleiste<\/p>\n<\/li>\n<\/ul>\n<hr class=\"\" data-start=\"1053\" data-end=\"1056\" \/>\n<p class=\"\" data-start=\"1163\" data-end=\"1186\"><strong data-start=\"1163\" data-end=\"1184\">Einflussfaktoren:<\/strong><\/p>\n<ul data-start=\"1187\" data-end=\"1346\">\n<li class=\"\" data-start=\"1187\" data-end=\"1254\">\n<p class=\"\" data-start=\"1189\" data-end=\"1254\">Originalzustand (intakte B\u00e4nder, Schloss, kein Holzwurmbefall)<\/p>\n<\/li>\n<li class=\"\" data-start=\"1255\" data-end=\"1282\">\n<p class=\"\" data-start=\"1257\" data-end=\"1282\">Holzqualit\u00e4t und Patina<\/p>\n<\/li>\n<li class=\"\" data-start=\"1283\" data-end=\"1346\">\n<p class=\"\" data-start=\"1285\" data-end=\"1346\">Seltenheit des geometrischen Profils mit gekr\u00f6pften Kassetten<\/p>\n<\/li>\n<\/ul>\n<\/div>\n<\/div>\n<\/div>\n<\/div>\n<\/div>\n<\/div>\n<\/div>\n<\/div>\n<\/article>\n<\/div>\n<\/div>\n<\/div>\n","protected":false},"excerpt":{"rendered":"<p>Barocke Truhe mit gekr\u00f6pften F\u00fcllungen, um 1650\u20131700 Diese elegant gegliederte Truhe aus massivem Eichenholz stammt aus der \u00dcbergangszeit zwischen Renaissance und Barock, [&hellip;]<\/p>\n","protected":false},"featured_media":469,"comment_status":"open","ping_status":"closed","template":"","meta":[],"product_brand":[],"product_cat":[18],"product_tag":[],"class_list":["post-468","product","type-product","status-publish","has-post-thumbnail","product_cat-truhen","first","instock","sale","shipping-taxable","purchasable","product-type-simple"],"jetpack_sharing_enabled":true,"_links":{"self":[{"href":"https:\/\/wocadlo.de\/fw\/wp-json\/wp\/v2\/product\/468","targetHints":{"allow":["GET"]}}],"collection":[{"href":"https:\/\/wocadlo.de\/fw\/wp-json\/wp\/v2\/product"}],"about":[{"href":"https:\/\/wocadlo.de\/fw\/wp-json\/wp\/v2\/types\/product"}],"replies":[{"embeddable":true,"href":"https:\/\/wocadlo.de\/fw\/wp-json\/wp\/v2\/comments?post=468"}],"wp:featuredmedia":[{"embeddable":true,"href":"https:\/\/wocadlo.de\/fw\/wp-json\/wp\/v2\/media\/469"}],"wp:attachment":[{"href":"https:\/\/wocadlo.de\/fw\/wp-json\/wp\/v2\/media?parent=468"}],"wp:term":[{"taxonomy":"product_brand","embeddable":true,"href":"https:\/\/wocadlo.de\/fw\/wp-json\/wp\/v2\/product_brand?post=468"},{"taxonomy":"product_cat","embeddable":true,"href":"https:\/\/wocadlo.de\/fw\/wp-json\/wp\/v2\/product_cat?post=468"},{"taxonomy":"product_tag","embeddable":true,"href":"https:\/\/wocadlo.de\/fw\/wp-json\/wp\/v2\/product_tag?post=468"}],"curies":[{"name":"wp","href":"https:\/\/api.w.org\/{rel}","templated":true}]}}