{"id":518,"date":"2025-04-18T18:31:08","date_gmt":"2025-04-18T16:31:08","guid":{"rendered":"https:\/\/wocadlo.de\/fw\/?post_type=product&#038;p=518"},"modified":"2026-01-31T12:26:24","modified_gmt":"2026-01-31T11:26:24","slug":"barocktruhe-1760-in-eiche-mit-rechtecken-und-kreisen-in-den-fuellungen","status":"publish","type":"product","link":"https:\/\/wocadlo.de\/fw\/produkt\/barocktruhe-1760-in-eiche-mit-rechtecken-und-kreisen-in-den-fuellungen\/","title":{"rendered":"Barocke Eichenholztruhe mit geometrischen F\u00fcllungen, um 1700"},"content":{"rendered":"<div class=\"flex shrink basis-auto flex-col overflow-hidden -mb-(--composer-overlap-px) [--composer-overlap-px:24px] grow\">\n<div class=\"@container h-full overflow-y-auto pb-(--composer-overlap-px) [scrollbar-gutter:stable] group-data-stream-active\/thread:[overflow-anchor:none]\">\n<div class=\"@thread-xl\/thread:pt-header-height mt-1.5 flex flex-col text-sm\">\n<article class=\"text-token-text-primary w-full\" dir=\"auto\" data-testid=\"conversation-turn-112\" data-scroll-anchor=\"false\">\n<div class=\"text-base my-auto mx-auto py-5 [--thread-content-margin:--spacing(4)] @[37rem]:[--thread-content-margin:--spacing(6)] @[70rem]:[--thread-content-margin:--spacing(12)] px-(--thread-content-margin)\">\n<div class=\"[--thread-content-max-width:32rem] @[34rem]:[--thread-content-max-width:40rem] @[64rem]:[--thread-content-max-width:48rem] mx-auto flex max-w-(--thread-content-max-width) flex-1 text-base gap-4 md:gap-5 lg:gap-6 group\/turn-messages focus-visible:outline-hidden\" tabindex=\"-1\">\n<div class=\"group\/conversation-turn relative flex w-full min-w-0 flex-col agent-turn\">\n<div class=\"relative flex-col gap-1 md:gap-3\">\n<div class=\"flex max-w-full flex-col grow\">\n<div class=\"min-h-8 text-message relative flex w-full flex-col items-end gap-2 text-start break-words whitespace-normal [.text-message+&amp;]:mt-5\" dir=\"auto\" data-message-author-role=\"assistant\" data-message-id=\"10d93717-93ca-43f2-9504-9129708368c1\" data-message-model-slug=\"gpt-4o\">\n<div class=\"flex w-full flex-col gap-1 empty:hidden first:pt-[3px]\">\n<div class=\"markdown prose dark:prose-invert w-full break-words light\">\n<h3 class=\"\" data-start=\"350\" data-end=\"431\"><strong data-start=\"358\" data-end=\"431\">Barocke Eichenholztruhe mit geometrischen F\u00fcllungen, um 1700<\/strong><\/h3>\n<p class=\"\" data-start=\"433\" data-end=\"483\"><strong data-start=\"433\" data-end=\"447\">Objektart:<\/strong><br data-start=\"447\" data-end=\"450\" \/>Truhe \/ Lade \/ Aufbewahrungsm\u00f6bel<\/p>\n<p class=\"\" data-start=\"485\" data-end=\"514\"><strong data-start=\"485\" data-end=\"499\">Datierung:<\/strong><br data-start=\"499\" data-end=\"502\" \/>Um 1680\u20131720<\/p>\n<p class=\"\" data-start=\"516\" data-end=\"580\"><strong data-start=\"516\" data-end=\"525\">Stil:<\/strong><br data-start=\"525\" data-end=\"528\" \/>Fr\u00fchbarock \/ \u00dcbergang zur l\u00e4ndlichen Sp\u00e4trenaissance<\/p>\n<p class=\"\" data-start=\"582\" data-end=\"633\"><strong data-start=\"582\" data-end=\"595\">Material:<\/strong><br data-start=\"595\" data-end=\"598\" \/>Massives Eichenholz, handgearbeitet<\/p>\n<p class=\"\" data-start=\"635\" data-end=\"724\"><strong data-start=\"635\" data-end=\"656\">Ma\u00dfe (gesch\u00e4tzt):<\/strong><br data-start=\"656\" data-end=\"659\" \/>Breite: ca. 110\u2013120\u202fcm<br data-start=\"681\" data-end=\"684\" \/>H\u00f6he: ca. 60\u201365\u202fcm<br data-start=\"702\" data-end=\"705\" \/>Tiefe: ca. 50\u201355\u202fcm<\/p>\n<hr class=\"\" data-start=\"726\" data-end=\"729\" \/>\n<h3 class=\"\" data-start=\"731\" data-end=\"755\"><strong data-start=\"738\" data-end=\"755\">Beschreibung:<\/strong><\/h3>\n<p class=\"\" data-start=\"757\" data-end=\"830\">Diese massiv gearbeitete Truhe zeigt typische Elemente des fr\u00fchen Barock:<\/p>\n<ul data-start=\"832\" data-end=\"1222\">\n<li class=\"\" data-start=\"832\" data-end=\"991\">\n<p class=\"\" data-start=\"834\" data-end=\"991\"><strong data-start=\"834\" data-end=\"865\">Stark profilierte F\u00fcllungen<\/strong> mit geometrischen Ornamenten: zentrale quadratische Felder auf kreisrundem Grund, flankiert von abgeschr\u00e4gten Rechteckfeldern<\/p>\n<\/li>\n<li class=\"\" data-start=\"992\" data-end=\"1078\">\n<p class=\"\" data-start=\"994\" data-end=\"1078\"><strong data-start=\"994\" data-end=\"1024\">Rahmende Kassettenstruktur<\/strong> mit Tiefenwirkung durch profilierte Leistengliederung<\/p>\n<\/li>\n<li class=\"\" data-start=\"1079\" data-end=\"1147\">\n<p class=\"\" data-start=\"1081\" data-end=\"1147\"><strong data-start=\"1081\" data-end=\"1114\">Einlass f\u00fcr Schloss vorhanden<\/strong>, jedoch fehlt das Schloss selbst<\/p>\n<\/li>\n<li class=\"\" data-start=\"1148\" data-end=\"1222\">\n<p class=\"\" data-start=\"1150\" data-end=\"1222\">Seitenwangen und Deckel schlicht gehalten, Fokus auf die Frontgestaltung<\/p>\n<\/li>\n<\/ul>\n<p class=\"\" data-start=\"1224\" data-end=\"1345\">Solche Truhen wurden oft als Aussteuer- oder Dokumententruhen verwendet und dienten zugleich als Sitz- oder Abstellm\u00f6bel.<\/p>\n<hr class=\"\" data-start=\"1347\" data-end=\"1350\" \/>\n<h3 class=\"\" data-start=\"1352\" data-end=\"1371\"><strong data-start=\"1359\" data-end=\"1371\">Zustand:<\/strong><\/h3>\n<ul data-start=\"1373\" data-end=\"1644\">\n<li class=\"\" data-start=\"1373\" data-end=\"1402\">\n<p class=\"\" data-start=\"1375\" data-end=\"1402\"><strong data-start=\"1375\" data-end=\"1402\">Unrestaurierter Zustand<\/strong><\/p>\n<\/li>\n<li class=\"\" data-start=\"1403\" data-end=\"1464\">\n<p class=\"\" data-start=\"1405\" data-end=\"1464\">Oberfl\u00e4che verschmutzt, teils mit Ablagerungen und Patina<\/p>\n<\/li>\n<li class=\"\" data-start=\"1542\" data-end=\"1588\">\n<p class=\"\" data-start=\"1544\" data-end=\"1588\">F\u00fcllungen gut erhalten, konstruktiv stabil<\/p>\n<\/li>\n<li class=\"\" data-start=\"1589\" data-end=\"1644\">\n<p class=\"\" data-start=\"1591\" data-end=\"1644\">Schloss fehlt, Schl\u00fcsselschild entfernt oder verloren<\/p>\n<\/li>\n<\/ul>\n<hr class=\"\" data-start=\"1646\" data-end=\"1649\" \/>\n<h3 class=\"\" data-start=\"1943\" data-end=\"1969\"><strong data-start=\"1950\" data-end=\"1969\">Besonderheiten:<\/strong><\/h3>\n<ul data-start=\"1971\" data-end=\"2189\">\n<li class=\"\" data-start=\"1971\" data-end=\"2029\">\n<p class=\"\" data-start=\"1973\" data-end=\"2029\">Ausdrucksstarke, skulpturale Fassadenwirkung der Front<\/p>\n<\/li>\n<li class=\"\" data-start=\"2030\" data-end=\"2088\">\n<p class=\"\" data-start=\"2032\" data-end=\"2088\">Zeittypische Kombination von Kreis- und Rechteckformen<\/p>\n<\/li>\n<li class=\"\" data-start=\"2089\" data-end=\"2137\">\n<p class=\"\" data-start=\"2091\" data-end=\"2137\">Repr\u00e4sentatives l\u00e4ndlich-barockes M\u00f6belst\u00fcck<\/p>\n<\/li>\n<li class=\"\" data-start=\"2138\" data-end=\"2189\">\n<p class=\"\" data-start=\"2140\" data-end=\"2189\">Restaurierungsma\u00dfnahmen erforderlich<\/p>\n<\/li>\n<\/ul>\n<\/div>\n<\/div>\n<\/div>\n<\/div>\n<\/div>\n<\/div>\n<\/div>\n<\/div>\n<\/article>\n<\/div>\n<\/div>\n<\/div>\n","protected":false},"excerpt":{"rendered":"<p>Barocke Eichenholztruhe mit geometrischen F\u00fcllungen, um 1700 Objektart:Truhe \/ Lade \/ Aufbewahrungsm\u00f6bel Datierung:Um 1680\u20131720 Stil:Fr\u00fchbarock \/ \u00dcbergang zur l\u00e4ndlichen Sp\u00e4trenaissance Material:Massives Eichenholz, [&hellip;]<\/p>\n","protected":false},"featured_media":520,"comment_status":"open","ping_status":"closed","template":"","meta":[],"product_brand":[],"product_cat":[18],"product_tag":[],"class_list":["post-518","product","type-product","status-publish","has-post-thumbnail","product_cat-truhen","first","instock","sale","shipping-taxable","purchasable","product-type-simple"],"jetpack_sharing_enabled":true,"_links":{"self":[{"href":"https:\/\/wocadlo.de\/fw\/wp-json\/wp\/v2\/product\/518","targetHints":{"allow":["GET"]}}],"collection":[{"href":"https:\/\/wocadlo.de\/fw\/wp-json\/wp\/v2\/product"}],"about":[{"href":"https:\/\/wocadlo.de\/fw\/wp-json\/wp\/v2\/types\/product"}],"replies":[{"embeddable":true,"href":"https:\/\/wocadlo.de\/fw\/wp-json\/wp\/v2\/comments?post=518"}],"wp:featuredmedia":[{"embeddable":true,"href":"https:\/\/wocadlo.de\/fw\/wp-json\/wp\/v2\/media\/520"}],"wp:attachment":[{"href":"https:\/\/wocadlo.de\/fw\/wp-json\/wp\/v2\/media?parent=518"}],"wp:term":[{"taxonomy":"product_brand","embeddable":true,"href":"https:\/\/wocadlo.de\/fw\/wp-json\/wp\/v2\/product_brand?post=518"},{"taxonomy":"product_cat","embeddable":true,"href":"https:\/\/wocadlo.de\/fw\/wp-json\/wp\/v2\/product_cat?post=518"},{"taxonomy":"product_tag","embeddable":true,"href":"https:\/\/wocadlo.de\/fw\/wp-json\/wp\/v2\/product_tag?post=518"}],"curies":[{"name":"wp","href":"https:\/\/api.w.org\/{rel}","templated":true}]}}