{"id":547,"date":"2025-04-18T19:30:00","date_gmt":"2025-04-18T17:30:00","guid":{"rendered":"https:\/\/wocadlo.de\/fw\/?post_type=product&#038;p=547"},"modified":"2025-08-17T12:03:16","modified_gmt":"2025-08-17T10:03:16","slug":"barock-truhe-1780-mit-drei-kassetten-fuellungen","status":"publish","type":"product","link":"https:\/\/wocadlo.de\/fw\/produkt\/barock-truhe-1780-mit-drei-kassetten-fuellungen\/","title":{"rendered":"Fr\u00fchbarocke Eichenholztruhe mit Eisenbeschl\u00e4gen und Kassettierung um 1620\u20131650"},"content":{"rendered":"<div class=\"@thread-xl\/thread:pt-header-height mt-1.5 flex flex-col text-sm\">\n<article class=\"text-token-text-primary w-full\" dir=\"auto\" data-testid=\"conversation-turn-68\" data-scroll-anchor=\"false\">\n<div class=\"text-base my-auto mx-auto py-5 [--thread-content-margin:--spacing(4)] @[37rem]:[--thread-content-margin:--spacing(6)] @[70rem]:[--thread-content-margin:--spacing(12)] px-(--thread-content-margin)\">\n<div class=\"[--thread-content-max-width:32rem] @[34rem]:[--thread-content-max-width:40rem] @[64rem]:[--thread-content-max-width:48rem] mx-auto flex max-w-(--thread-content-max-width) flex-1 text-base gap-4 md:gap-5 lg:gap-6 group\/turn-messages focus-visible:outline-hidden\" tabindex=\"-1\">\n<div class=\"group\/conversation-turn relative flex w-full min-w-0 flex-col agent-turn\">\n<div class=\"relative flex-col gap-1 md:gap-3\">\n<div class=\"flex max-w-full flex-col grow\">\n<div class=\"min-h-8 text-message relative flex w-full flex-col items-end gap-2 text-start break-words whitespace-normal [.text-message+&amp;]:mt-5\" dir=\"auto\" data-message-author-role=\"assistant\" data-message-id=\"7c378ae7-ecca-4051-9b12-f4683901ba15\" data-message-model-slug=\"gpt-4o\">\n<div class=\"flex w-full flex-col gap-1 empty:hidden first:pt-[3px]\">\n<div class=\"markdown prose dark:prose-invert w-full break-words light\">\n<h2 class=\"\" data-start=\"235\" data-end=\"315\"><strong data-start=\"238\" data-end=\"315\">Fr\u00fchbarocke Eichenholztruhe mit Eisenbeschl\u00e4gen und Kassettierung<\/strong><\/h2>\n<p class=\"\" data-start=\"317\" data-end=\"393\"><strong data-start=\"317\" data-end=\"331\">Datierung:<\/strong><br data-start=\"331\" data-end=\"334\" \/><strong data-start=\"334\" data-end=\"350\">Um 1620\u20131650<\/strong>, vermutlich S\u00fcdwestdeutschland oder Elsass<\/p>\n<p class=\"\" data-start=\"395\" data-end=\"458\"><strong data-start=\"395\" data-end=\"408\">Material:<\/strong><br data-start=\"408\" data-end=\"411\" \/>Massive Eiche mit geschmiedeten Eisenbeschl\u00e4gen<\/p>\n<hr class=\"\" data-start=\"460\" data-end=\"463\" \/>\n<h3 class=\"\" data-start=\"465\" data-end=\"486\"><strong data-start=\"469\" data-end=\"486\">Beschreibung:<\/strong><\/h3>\n<p class=\"\" data-start=\"488\" data-end=\"816\">Diese m\u00e4chtige, auf Kugelf\u00fc\u00dfen ruhende Truhe ist aus massivem Eichenholz gefertigt und zeigt drei gleichm\u00e4\u00dfige, tief eingezogene <strong data-start=\"617\" data-end=\"636\">Kassettenfelder<\/strong> auf der Front. Jedes Feld wird von <strong data-start=\"672\" data-end=\"725\">geschnitzten, mehrfach profilierten Rahmenleisten<\/strong> eingefasst, was dem M\u00f6bel eine strenge Gliederung und dennoch plastische Wirkung verleiht.<\/p>\n<p class=\"\" data-start=\"818\" data-end=\"1109\">In der Mitte befindet sich das <strong data-start=\"849\" data-end=\"883\">Schlossblech mit Schl\u00fcsselloch<\/strong>, flankiert von zwei eisenbeschlagenen Rosetten oder Griffplatten in dekorativer Form. An den Seiten sind <strong data-start=\"989\" data-end=\"1011\">Schmiedeeisenringe<\/strong> als Tragegriffe angebracht \u2013 ein Zeichen f\u00fcr Transportf\u00e4higkeit und Status als Ausstattungsst\u00fcck.<\/p>\n<p class=\"\" data-start=\"1111\" data-end=\"1210\">Die Truhe steht auf vier gedrechselten, kugelartigen F\u00fc\u00dfen \u2013 ein klares Merkmal der Fr\u00fchbarockzeit.<\/p>\n<hr class=\"\" data-start=\"1212\" data-end=\"1215\" \/>\n<h3 class=\"\" data-start=\"1217\" data-end=\"1240\"><strong data-start=\"1221\" data-end=\"1240\">Besonderheiten:<\/strong><\/h3>\n<ul data-start=\"1242\" data-end=\"1503\">\n<li class=\"\" data-start=\"1242\" data-end=\"1300\">\n<p class=\"\" data-start=\"1244\" data-end=\"1300\">Fr\u00fchbarocke Form mit manieristischer Kassettenstruktur<\/p>\n<\/li>\n<li class=\"\" data-start=\"1301\" data-end=\"1352\">\n<p class=\"\" data-start=\"1303\" data-end=\"1352\">Originale Eisenbeschl\u00e4ge in floraler Gestaltung<\/p>\n<\/li>\n<li class=\"\" data-start=\"1353\" data-end=\"1394\">\n<p class=\"\" data-start=\"1355\" data-end=\"1394\">Seitliche Tragringe aus Schmiedeeisen<\/p>\n<\/li>\n<li class=\"\" data-start=\"1395\" data-end=\"1443\">\n<p class=\"\" data-start=\"1397\" data-end=\"1443\">Kugelf\u00fc\u00dfe mit starker Wirkung und Proportion<\/p>\n<\/li>\n<li class=\"\" data-start=\"1444\" data-end=\"1503\">\n<p class=\"\" data-start=\"1446\" data-end=\"1503\">Ungereinigter, authentischer Zustand mit sch\u00f6ner Alterung<\/p>\n<\/li>\n<\/ul>\n<p class=\"\" data-start=\"1505\" data-end=\"1594\"><strong data-start=\"1505\" data-end=\"1526\">Ma\u00dfe:<\/strong><br data-start=\"1526\" data-end=\"1529\" \/>Breite: ca. 130\u2013140 cm<br data-start=\"1551\" data-end=\"1554\" \/>H\u00f6he: ca. 70\u201375 cm<br data-start=\"1572\" data-end=\"1575\" \/>Tiefe: ca. 60\u201365 cm<\/p>\n<hr class=\"\" data-start=\"1596\" data-end=\"1599\" \/>\n<h3 class=\"\" data-start=\"1601\" data-end=\"1632\"><strong data-start=\"1605\" data-end=\"1632\">Historische Einordnung:<\/strong><\/h3>\n<p class=\"\" data-start=\"1634\" data-end=\"2010\">Diese Truhe geh\u00f6rt in die \u00dcbergangszeit vom Manierismus zum Fr\u00fchbarock. Die aufw\u00e4ndige Kassettierung zeigt noch Einfl\u00fcsse der Renaissance, w\u00e4hrend die schwere Form und die gedrechselten F\u00fc\u00dfe bereits dem Barock zuzuordnen sind. Solche Truhen dienten h\u00e4ufig als <strong data-start=\"1894\" data-end=\"1927\">Mitgift- oder Aussteuertruhen<\/strong> und standen als Prestigeobjekte sichtbar in den Wohnr\u00e4umen wohlhabender Haushalte.<\/p>\n<p class=\"\" data-start=\"2012\" data-end=\"2163\">Die schmiedeeisernen Zierelemente deuten auf eine Herstellung durch einen gut ausgestatteten Werkstattbetrieb oder gar eine st\u00e4dtische Zunftarbeit hin.<\/p>\n<hr class=\"\" data-start=\"2457\" data-end=\"2460\" \/>\n<h3 class=\"\" data-start=\"2462\" data-end=\"2486\"><strong data-start=\"2466\" data-end=\"2486\">Zusammenfassung:<\/strong><\/h3>\n<ul data-start=\"2488\" data-end=\"2838\">\n<li class=\"\" data-start=\"2488\" data-end=\"2530\">\n<p class=\"\" data-start=\"2490\" data-end=\"2530\"><strong data-start=\"2490\" data-end=\"2499\">Stil:<\/strong> Fr\u00fchbarock \/ Sp\u00e4tmanierismus<\/p>\n<\/li>\n<li class=\"\" data-start=\"2531\" data-end=\"2560\">\n<p class=\"\" data-start=\"2533\" data-end=\"2560\"><strong data-start=\"2533\" data-end=\"2544\">Epoche:<\/strong> Ca. 1620\u20131650<\/p>\n<\/li>\n<li class=\"\" data-start=\"2561\" data-end=\"2634\">\n<p class=\"\" data-start=\"2563\" data-end=\"2634\"><strong data-start=\"2563\" data-end=\"2576\">Merkmale:<\/strong> Kassettenf\u00fcllungen, Kugelf\u00fc\u00dfe, originale Eisenbeschl\u00e4ge<\/p>\n<\/li>\n<li class=\"\" data-start=\"2635\" data-end=\"2678\">\n<p class=\"\" data-start=\"2637\" data-end=\"2678\"><strong data-start=\"2637\" data-end=\"2649\">Zustand:<\/strong> Unrestauriert, authentisch<\/p>\n<\/li>\n<li class=\"\" data-start=\"2679\" data-end=\"2764\">\n<p class=\"\" data-start=\"2681\" data-end=\"2764\"><strong data-start=\"2681\" data-end=\"2698\">Besonderheit:<\/strong> Ausdrucksstarke handwerkliche Gestaltung mit originalen Details<\/p>\n<\/li>\n<li class=\"\" data-start=\"2765\" data-end=\"2838\">\n<p class=\"\" data-start=\"2767\" data-end=\"2838\"><strong data-start=\"2767\" data-end=\"2779\">Eignung:<\/strong> Sammlung, museale Ausstellung, hochwertiges Interieurst\u00fcck<\/p>\n<\/li>\n<\/ul>\n<\/div>\n<\/div>\n<\/div>\n<\/div>\n<\/div>\n<\/div>\n<\/div>\n<\/div>\n<\/article>\n<\/div>\n","protected":false},"excerpt":{"rendered":"<p>Fr\u00fchbarocke Eichenholztruhe mit Eisenbeschl\u00e4gen und Kassettierung Datierung:Um 1620\u20131650, vermutlich S\u00fcdwestdeutschland oder Elsass Material:Massive Eiche mit geschmiedeten Eisenbeschl\u00e4gen Beschreibung: Diese m\u00e4chtige, auf Kugelf\u00fc\u00dfen [&hellip;]<\/p>\n","protected":false},"featured_media":548,"comment_status":"open","ping_status":"closed","template":"","meta":[],"product_brand":[],"product_cat":[18],"product_tag":[],"class_list":["post-547","product","type-product","status-publish","has-post-thumbnail","product_cat-truhen","first","instock","sale","shipping-taxable","purchasable","product-type-simple"],"jetpack_sharing_enabled":true,"_links":{"self":[{"href":"https:\/\/wocadlo.de\/fw\/wp-json\/wp\/v2\/product\/547","targetHints":{"allow":["GET"]}}],"collection":[{"href":"https:\/\/wocadlo.de\/fw\/wp-json\/wp\/v2\/product"}],"about":[{"href":"https:\/\/wocadlo.de\/fw\/wp-json\/wp\/v2\/types\/product"}],"replies":[{"embeddable":true,"href":"https:\/\/wocadlo.de\/fw\/wp-json\/wp\/v2\/comments?post=547"}],"wp:featuredmedia":[{"embeddable":true,"href":"https:\/\/wocadlo.de\/fw\/wp-json\/wp\/v2\/media\/548"}],"wp:attachment":[{"href":"https:\/\/wocadlo.de\/fw\/wp-json\/wp\/v2\/media?parent=547"}],"wp:term":[{"taxonomy":"product_brand","embeddable":true,"href":"https:\/\/wocadlo.de\/fw\/wp-json\/wp\/v2\/product_brand?post=547"},{"taxonomy":"product_cat","embeddable":true,"href":"https:\/\/wocadlo.de\/fw\/wp-json\/wp\/v2\/product_cat?post=547"},{"taxonomy":"product_tag","embeddable":true,"href":"https:\/\/wocadlo.de\/fw\/wp-json\/wp\/v2\/product_tag?post=547"}],"curies":[{"name":"wp","href":"https:\/\/api.w.org\/{rel}","templated":true}]}}