{"id":593,"date":"2025-04-20T20:07:41","date_gmt":"2025-04-20T18:07:41","guid":{"rendered":"https:\/\/wocadlo.de\/fw\/?post_type=product&#038;p=593"},"modified":"2025-08-11T17:05:51","modified_gmt":"2025-08-11T15:05:51","slug":"eintuerige-barock-anrichte-1770-mit-2-bastionsfuellungen-in-grosser-tuer","status":"publish","type":"product","link":"https:\/\/wocadlo.de\/fw\/produkt\/eintuerige-barock-anrichte-1770-mit-2-bastionsfuellungen-in-grosser-tuer\/","title":{"rendered":"Eint\u00fcrige Barock-Anrichte, um 1770"},"content":{"rendered":"<div class=\"@thread-xl\/thread:pt-header-height mt-1.5 flex flex-col text-sm\">\n<article class=\"text-token-text-primary w-full\" dir=\"auto\" data-testid=\"conversation-turn-8\" data-scroll-anchor=\"false\">\n<div class=\"text-base my-auto mx-auto py-5 [--thread-content-margin:--spacing(4)] @[37rem]:[--thread-content-margin:--spacing(6)] @[70rem]:[--thread-content-margin:--spacing(12)] px-(--thread-content-margin)\">\n<div class=\"[--thread-content-max-width:32rem] @[34rem]:[--thread-content-max-width:40rem] @[64rem]:[--thread-content-max-width:48rem] mx-auto flex max-w-(--thread-content-max-width) flex-1 text-base gap-4 md:gap-5 lg:gap-6 group\/turn-messages focus-visible:outline-hidden\" tabindex=\"-1\">\n<div class=\"group\/conversation-turn relative flex w-full min-w-0 flex-col agent-turn\">\n<div class=\"relative flex-col gap-1 md:gap-3\">\n<div class=\"flex max-w-full flex-col grow\">\n<div class=\"min-h-8 text-message relative flex w-full flex-col items-end gap-2 text-start break-words whitespace-normal [.text-message+&amp;]:mt-5\" dir=\"auto\" data-message-author-role=\"assistant\" data-message-id=\"72ee6157-7736-4967-aa1f-1bd18e5c1179\" data-message-model-slug=\"gpt-4o\">\n<div class=\"flex w-full flex-col gap-1 empty:hidden first:pt-[3px]\">\n<div class=\"markdown prose dark:prose-invert w-full break-words light\">\n<h3 class=\"\" data-start=\"119\" data-end=\"172\"><strong data-start=\"126\" data-end=\"172\">Eint\u00fcrige Barock-Anrichte, um 1770<\/strong><\/h3>\n<h4 class=\"\" data-start=\"174\" data-end=\"204\"><strong data-start=\"182\" data-end=\"204\">Objektbeschreibung<\/strong><\/h4>\n<p class=\"\" data-start=\"205\" data-end=\"495\">Diese eindrucksvolle eint\u00fcrige Barock-Anrichte stammt aus der zweiten H\u00e4lfte des 18. Jahrhunderts, vermutlich aus dem s\u00fcddeutschen Raum. Das M\u00f6belst\u00fcck ist ein typisches Beispiel f\u00fcr die l\u00e4ndlich-barocke Schreinerei jener Zeit und verbindet kraftvolle Formen mit praktischer Funktionalit\u00e4t.<\/p>\n<h4 class=\"\" data-start=\"497\" data-end=\"516\"><strong data-start=\"504\" data-end=\"516\">Merkmale<\/strong><\/h4>\n<ul data-start=\"517\" data-end=\"1155\">\n<li class=\"\" data-start=\"517\" data-end=\"548\">\n<p class=\"\" data-start=\"519\" data-end=\"548\"><strong data-start=\"519\" data-end=\"530\">Epoche:<\/strong> Barock, um 1770<\/p>\n<\/li>\n<li class=\"\" data-start=\"549\" data-end=\"600\">\n<p class=\"\" data-start=\"551\" data-end=\"600\"><strong data-start=\"551\" data-end=\"564\">Material:<\/strong> Massive Eiche, von Hand gefertigt<\/p>\n<\/li>\n<li class=\"\" data-start=\"601\" data-end=\"686\">\n<p class=\"\" data-start=\"603\" data-end=\"686\"><strong data-start=\"603\" data-end=\"620\">Konstruktion:<\/strong> Ged\u00fcbelte T\u00fcr (sichtbar in der Innenansicht), originaler Korpus<\/p>\n<\/li>\n<li class=\"\" data-start=\"687\" data-end=\"771\">\n<p class=\"\" data-start=\"689\" data-end=\"771\"><strong data-start=\"689\" data-end=\"707\">T\u00fcrgestaltung:<\/strong> Zwei profilierte Bastionsf\u00fcllungen mit kr\u00e4ftigem Rahmenaufbau<\/p>\n<\/li>\n<li class=\"\" data-start=\"772\" data-end=\"899\">\n<p class=\"\" data-start=\"774\" data-end=\"899\"><strong data-start=\"774\" data-end=\"788\">Beschl\u00e4ge:<\/strong> Originale, gro\u00df dimensionierte, handgeschmiedete Scharniere und Schlie\u00dfvorrichtungen mit barocker Ornamentik<\/p>\n<\/li>\n<li class=\"\" data-start=\"900\" data-end=\"989\">\n<p class=\"\" data-start=\"902\" data-end=\"989\"><strong data-start=\"902\" data-end=\"917\">Innenleben:<\/strong> Drei Einlegeb\u00f6den, vermutlich sp\u00e4ter erg\u00e4nzt, praktische Unterteilung<\/p>\n<\/li>\n<li class=\"\" data-start=\"990\" data-end=\"1053\">\n<p class=\"\" data-start=\"992\" data-end=\"1053\"><strong data-start=\"992\" data-end=\"1010\">Fu\u00dfgestaltung:<\/strong> Vierkantf\u00fc\u00dfe, leicht profilierter Sockel<\/p>\n<\/li>\n<li class=\"\" data-start=\"1054\" data-end=\"1155\">\n<p class=\"\" data-start=\"1056\" data-end=\"1155\"><strong data-start=\"1056\" data-end=\"1068\">Zustand:<\/strong> Sehr gut erhalten f\u00fcr das Alter; geringe altersbedingte Gebrauchsspuren, sch\u00f6ne Patina<\/p>\n<\/li>\n<\/ul>\n<h4 class=\"\" data-start=\"1157\" data-end=\"1186\"><strong data-start=\"1165\" data-end=\"1186\">Ma\u00dfe:<\/strong><\/h4>\n<ul data-start=\"1187\" data-end=\"1248\">\n<li class=\"\" data-start=\"1187\" data-end=\"1207\">\n<p class=\"\" data-start=\"1189\" data-end=\"1207\">H\u00f6he: ca. 105 cm<\/p>\n<\/li>\n<li class=\"\" data-start=\"1208\" data-end=\"1229\">\n<p class=\"\" data-start=\"1210\" data-end=\"1229\">Breite: ca. 80 cm<\/p>\n<\/li>\n<li class=\"\" data-start=\"1230\" data-end=\"1248\">\n<p class=\"\" data-start=\"1232\" data-end=\"1248\">Tiefe: ca. 50 cm<\/p>\n<\/li>\n<\/ul>\n<h4 class=\"\" data-start=\"1250\" data-end=\"1276\"><strong data-start=\"1259\" data-end=\"1276\">Wertsch\u00e4tzung<\/strong><\/h4>\n<p class=\"\" data-start=\"1277\" data-end=\"1498\">Bei diesem St\u00fcck handelt es sich um ein echtes Sammlerobjekt mit originaler Substanz und handwerklicher Qualit\u00e4t.<\/p>\n<blockquote data-start=\"1500\" data-end=\"1649\">\n<p class=\"\" data-start=\"1502\" data-end=\"1649\">\n<\/blockquote>\n<h4 class=\"\" data-start=\"1651\" data-end=\"1677\">\ud83e\udde1 <strong data-start=\"1659\" data-end=\"1677\">Besonderheiten<\/strong><\/h4>\n<ul data-start=\"1678\" data-end=\"2008\">\n<li class=\"\" data-start=\"1678\" data-end=\"1790\">\n<p class=\"\" data-start=\"1680\" data-end=\"1790\">Ausdrucksstarke, tief profilierte Bastionsf\u00fcllungen \u2013 typisch f\u00fcr die \u00dcbergangszeit vom Hoch- zum Sp\u00e4tbarock<\/p>\n<\/li>\n<li class=\"\" data-start=\"1791\" data-end=\"1854\">\n<p class=\"\" data-start=\"1793\" data-end=\"1854\">Authentischer Gebrauch mit klarer historischer Ausstrahlung<\/p>\n<\/li>\n<li class=\"\" data-start=\"1855\" data-end=\"1937\">\n<p class=\"\" data-start=\"1857\" data-end=\"1937\">Gro\u00dfe Originalbeschl\u00e4ge mit geschwungener Form \u2013 Blickfang und Sammlerattribut<\/p>\n<\/li>\n<li class=\"\" data-start=\"1938\" data-end=\"2008\">\n<p class=\"\" data-start=\"1940\" data-end=\"2008\">Ged\u00fcbelte T\u00fcrkonstruktion \u2013 Beleg f\u00fcr traditionelle Schreinertechnik<\/p>\n<\/li>\n<\/ul>\n<\/div>\n<\/div>\n<\/div>\n<\/div>\n<\/div>\n<\/div>\n<\/div>\n<\/div>\n<\/article>\n<\/div>\n","protected":false},"excerpt":{"rendered":"<p>Eint\u00fcrige Barock-Anrichte, um 1770 Objektbeschreibung Diese eindrucksvolle eint\u00fcrige Barock-Anrichte stammt aus der zweiten H\u00e4lfte des 18. Jahrhunderts, vermutlich aus dem s\u00fcddeutschen Raum. [&hellip;]<\/p>\n","protected":false},"featured_media":594,"comment_status":"open","ping_status":"closed","template":"","meta":[],"product_brand":[],"product_cat":[23],"product_tag":[24],"class_list":["post-593","product","type-product","status-publish","has-post-thumbnail","product_cat-anrichten","product_tag-anrichte","first","instock","sale","shipping-taxable","purchasable","product-type-simple"],"jetpack_sharing_enabled":true,"_links":{"self":[{"href":"https:\/\/wocadlo.de\/fw\/wp-json\/wp\/v2\/product\/593","targetHints":{"allow":["GET"]}}],"collection":[{"href":"https:\/\/wocadlo.de\/fw\/wp-json\/wp\/v2\/product"}],"about":[{"href":"https:\/\/wocadlo.de\/fw\/wp-json\/wp\/v2\/types\/product"}],"replies":[{"embeddable":true,"href":"https:\/\/wocadlo.de\/fw\/wp-json\/wp\/v2\/comments?post=593"}],"wp:featuredmedia":[{"embeddable":true,"href":"https:\/\/wocadlo.de\/fw\/wp-json\/wp\/v2\/media\/594"}],"wp:attachment":[{"href":"https:\/\/wocadlo.de\/fw\/wp-json\/wp\/v2\/media?parent=593"}],"wp:term":[{"taxonomy":"product_brand","embeddable":true,"href":"https:\/\/wocadlo.de\/fw\/wp-json\/wp\/v2\/product_brand?post=593"},{"taxonomy":"product_cat","embeddable":true,"href":"https:\/\/wocadlo.de\/fw\/wp-json\/wp\/v2\/product_cat?post=593"},{"taxonomy":"product_tag","embeddable":true,"href":"https:\/\/wocadlo.de\/fw\/wp-json\/wp\/v2\/product_tag?post=593"}],"curies":[{"name":"wp","href":"https:\/\/api.w.org\/{rel}","templated":true}]}}