{"id":603,"date":"2025-04-20T21:04:45","date_gmt":"2025-04-20T19:04:45","guid":{"rendered":"https:\/\/wocadlo.de\/fw\/?post_type=product&#038;p=603"},"modified":"2025-08-17T12:02:14","modified_gmt":"2025-08-17T10:02:14","slug":"eintuerige-barock-anrichte-1750-mit-gewellten-profilleisten-in-grosser-tuer","status":"publish","type":"product","link":"https:\/\/wocadlo.de\/fw\/produkt\/eintuerige-barock-anrichte-1750-mit-gewellten-profilleisten-in-grosser-tuer\/","title":{"rendered":"Eint\u00fcrige Barock-Anrichte in Eiche, um 1740"},"content":{"rendered":"<div class=\"@thread-xl\/thread:pt-header-height mt-1.5 flex flex-col text-sm\">\n<article class=\"text-token-text-primary w-full\" dir=\"auto\" data-testid=\"conversation-turn-6\" data-scroll-anchor=\"false\">\n<div class=\"text-base my-auto mx-auto py-5 [--thread-content-margin:--spacing(4)] @[37rem]:[--thread-content-margin:--spacing(6)] @[70rem]:[--thread-content-margin:--spacing(12)] px-(--thread-content-margin)\">\n<div class=\"[--thread-content-max-width:32rem] @[34rem]:[--thread-content-max-width:40rem] @[64rem]:[--thread-content-max-width:48rem] mx-auto flex max-w-(--thread-content-max-width) flex-1 text-base gap-4 md:gap-5 lg:gap-6 group\/turn-messages focus-visible:outline-hidden\" tabindex=\"-1\">\n<div class=\"group\/conversation-turn relative flex w-full min-w-0 flex-col agent-turn\">\n<div class=\"relative flex-col gap-1 md:gap-3\">\n<div class=\"flex max-w-full flex-col grow\">\n<div class=\"min-h-8 text-message relative flex w-full flex-col items-end gap-2 text-start break-words whitespace-normal [.text-message+&amp;]:mt-5\" dir=\"auto\" data-message-author-role=\"assistant\" data-message-id=\"a0cec8ca-35f0-4727-a0f0-25c79e584d8d\" data-message-model-slug=\"gpt-4o\">\n<div class=\"flex w-full flex-col gap-1 empty:hidden first:pt-[3px]\">\n<div class=\"markdown prose dark:prose-invert w-full break-words light\">\n<h2 class=\"\" data-start=\"258\" data-end=\"319\"><strong data-start=\"264\" data-end=\"319\">Eint\u00fcrige Barock-Anrichte in Eiche, um 1740<\/strong><\/h2>\n<p class=\"\" data-start=\"345\" data-end=\"573\">Diese stilvolle, kompakte <strong data-start=\"371\" data-end=\"393\">eint\u00fcrige Anrichte<\/strong> stammt aus der Zeit um <strong data-start=\"417\" data-end=\"425\">1740<\/strong> und ist ein authentisches Zeugnis des <strong data-start=\"464\" data-end=\"485\">l\u00e4ndlichen Barock<\/strong>. Der Korpus besteht aus <strong data-start=\"510\" data-end=\"528\">massiver Eiche<\/strong>, mit deutlicher Maserung und sch\u00f6ner Patina.<\/p>\n<p class=\"\" data-start=\"575\" data-end=\"929\">Der Aufbau ist streng gegliedert: Eine kr\u00e4ftig profilierte, mittig leicht vortretende <strong data-start=\"661\" data-end=\"698\">T\u00fcrf\u00fcllung mit mehrfacher Rahmung<\/strong> bildet das Zentrum der Gestaltung. Die Fl\u00e4chen sind stark abgesetzt, was der T\u00fcr ein <strong data-start=\"784\" data-end=\"816\">dreidimensionales Tiefenbild<\/strong> verleiht. Flankiert wird sie von <strong data-start=\"850\" data-end=\"895\">kr\u00e4ftigen, hohlkehlenprofilierten Lisenen<\/strong>, die f\u00fcr die Epoche typisch sind.<\/p>\n<h3 class=\"\" data-start=\"931\" data-end=\"950\"><strong data-start=\"938\" data-end=\"950\">Merkmale<\/strong><\/h3>\n<ul data-start=\"951\" data-end=\"1447\">\n<li class=\"\" data-start=\"951\" data-end=\"986\">\n<p class=\"\" data-start=\"953\" data-end=\"986\"><strong data-start=\"953\" data-end=\"966\">Material:<\/strong> Massives Eichenholz<\/p>\n<\/li>\n<li class=\"\" data-start=\"987\" data-end=\"1016\">\n<p class=\"\" data-start=\"989\" data-end=\"1016\"><strong data-start=\"989\" data-end=\"1000\">Epoche:<\/strong> Barock, um 1740<\/p>\n<\/li>\n<li class=\"\" data-start=\"1017\" data-end=\"1094\">\n<p class=\"\" data-start=\"1019\" data-end=\"1094\"><strong data-start=\"1019\" data-end=\"1027\">T\u00fcr:<\/strong> Eint\u00fcrig mit kassettiertem Aufbau und mehrfach profiliertem Rahmen<\/p>\n<\/li>\n<li class=\"\" data-start=\"1095\" data-end=\"1154\">\n<p class=\"\" data-start=\"1097\" data-end=\"1154\"><strong data-start=\"1097\" data-end=\"1119\">Seitliche Lisenen:<\/strong> Mit hohlkehlenartiger Ausarbeitung<\/p>\n<\/li>\n<li class=\"\" data-start=\"1155\" data-end=\"1221\">\n<p class=\"\" data-start=\"1157\" data-end=\"1221\"><strong data-start=\"1157\" data-end=\"1167\">Kranz:<\/strong> Stark ausgeformtes Gesims mit schlichter Profilierung<\/p>\n<\/li>\n<li class=\"\" data-start=\"1222\" data-end=\"1319\">\n<p class=\"\" data-start=\"1224\" data-end=\"1319\"><strong data-start=\"1224\" data-end=\"1248\">Schloss &amp; Beschl\u00e4ge:<\/strong> Original oder stilgerecht erg\u00e4nzt, mit klassischer Eisen-Schlossplatte<\/p>\n<\/li>\n<li class=\"\" data-start=\"1320\" data-end=\"1374\">\n<p class=\"\" data-start=\"1322\" data-end=\"1374\"><strong data-start=\"1322\" data-end=\"1333\">Sockel:<\/strong> Geschweift mit originalen Kl\u00f6tzchenf\u00fc\u00dfen<\/p>\n<\/li>\n<\/ul>\n<h3 class=\"\" data-start=\"1449\" data-end=\"1471\"><strong data-start=\"1457\" data-end=\"1471\">Einordnung<\/strong><\/h3>\n<ul data-start=\"1472\" data-end=\"1691\">\n<li class=\"\" data-start=\"1472\" data-end=\"1520\">\n<p class=\"\" data-start=\"1474\" data-end=\"1520\"><strong data-start=\"1474\" data-end=\"1483\">Stil:<\/strong> L\u00e4ndlicher Barock (regional gepr\u00e4gt)<\/p>\n<\/li>\n<li class=\"\" data-start=\"1521\" data-end=\"1588\">\n<p class=\"\" data-start=\"1523\" data-end=\"1588\"><strong data-start=\"1523\" data-end=\"1536\">Herkunft:<\/strong> Vermutlich Hessen, Th\u00fcringen, Franken oder Schwaben<\/p>\n<\/li>\n<li class=\"\" data-start=\"1589\" data-end=\"1691\">\n<p class=\"\" data-start=\"1591\" data-end=\"1691\"><strong data-start=\"1591\" data-end=\"1604\">Funktion:<\/strong> Aufbewahrung von Geschirr, Leinen oder Vorr\u00e4ten, typischer Stuben- oder Kammer-Schrank<\/p>\n<\/li>\n<li class=\"\" data-start=\"1589\" data-end=\"1691\">\n<p class=\"\" data-start=\"1591\" data-end=\"1691\"><strong>wohnfertig<\/strong><\/p>\n<\/li>\n<\/ul>\n<hr class=\"\" data-start=\"1693\" data-end=\"1696\" \/>\n<h2 class=\"\" data-start=\"1698\" data-end=\"1724\"><strong data-start=\"1704\" data-end=\"1724\">Ma\u00dfe<\/strong><\/h2>\n<ul data-start=\"1725\" data-end=\"1855\">\n<li class=\"\" data-start=\"1725\" data-end=\"1753\">\n<p class=\"\" data-start=\"1727\" data-end=\"1753\"><strong data-start=\"1727\" data-end=\"1736\">H\u00f6he:<\/strong> ca. 105\u2013115\u202fcm<\/p>\n<\/li>\n<li class=\"\" data-start=\"1754\" data-end=\"1782\">\n<p class=\"\" data-start=\"1756\" data-end=\"1782\"><strong data-start=\"1756\" data-end=\"1767\">Breite:<\/strong> ca. 85\u201390\u202fcm<\/p>\n<\/li>\n<li class=\"\" data-start=\"1783\" data-end=\"1855\">\n<p class=\"\" data-start=\"1785\" data-end=\"1855\"><strong data-start=\"1785\" data-end=\"1795\">Tiefe:<\/strong> ca. 45\u201350\u202fcm<\/p>\n<\/li>\n<\/ul>\n<\/div>\n<\/div>\n<\/div>\n<\/div>\n<\/div>\n<\/div>\n<\/div>\n<\/div>\n<\/article>\n<\/div>\n","protected":false},"excerpt":{"rendered":"<p>Eint\u00fcrige Barock-Anrichte in Eiche, um 1740 Diese stilvolle, kompakte eint\u00fcrige Anrichte stammt aus der Zeit um 1740 und ist ein authentisches Zeugnis [&hellip;]<\/p>\n","protected":false},"featured_media":604,"comment_status":"open","ping_status":"closed","template":"","meta":[],"product_brand":[],"product_cat":[23],"product_tag":[],"class_list":["post-603","product","type-product","status-publish","has-post-thumbnail","product_cat-anrichten","first","instock","sale","shipping-taxable","purchasable","product-type-simple"],"jetpack_sharing_enabled":true,"_links":{"self":[{"href":"https:\/\/wocadlo.de\/fw\/wp-json\/wp\/v2\/product\/603","targetHints":{"allow":["GET"]}}],"collection":[{"href":"https:\/\/wocadlo.de\/fw\/wp-json\/wp\/v2\/product"}],"about":[{"href":"https:\/\/wocadlo.de\/fw\/wp-json\/wp\/v2\/types\/product"}],"replies":[{"embeddable":true,"href":"https:\/\/wocadlo.de\/fw\/wp-json\/wp\/v2\/comments?post=603"}],"wp:featuredmedia":[{"embeddable":true,"href":"https:\/\/wocadlo.de\/fw\/wp-json\/wp\/v2\/media\/604"}],"wp:attachment":[{"href":"https:\/\/wocadlo.de\/fw\/wp-json\/wp\/v2\/media?parent=603"}],"wp:term":[{"taxonomy":"product_brand","embeddable":true,"href":"https:\/\/wocadlo.de\/fw\/wp-json\/wp\/v2\/product_brand?post=603"},{"taxonomy":"product_cat","embeddable":true,"href":"https:\/\/wocadlo.de\/fw\/wp-json\/wp\/v2\/product_cat?post=603"},{"taxonomy":"product_tag","embeddable":true,"href":"https:\/\/wocadlo.de\/fw\/wp-json\/wp\/v2\/product_tag?post=603"}],"curies":[{"name":"wp","href":"https:\/\/api.w.org\/{rel}","templated":true}]}}