{"id":617,"date":"2025-04-20T22:04:26","date_gmt":"2025-04-20T20:04:26","guid":{"rendered":"https:\/\/wocadlo.de\/fw\/?post_type=product&#038;p=617"},"modified":"2025-08-17T12:16:22","modified_gmt":"2025-08-17T10:16:22","slug":"eintuerige-eck-barock-anrichte-1740-in-eiche-mit-rillen-und-muster-in-grosser-tuer","status":"publish","type":"product","link":"https:\/\/wocadlo.de\/fw\/produkt\/eintuerige-eck-barock-anrichte-1740-in-eiche-mit-rillen-und-muster-in-grosser-tuer\/","title":{"rendered":"Eint\u00fcrige Eck-Barock-Anrichte, um 1740"},"content":{"rendered":"<p><strong>E<\/strong><strong data-start=\"55\" data-end=\"81\">int\u00fcrige Eck-Anrichte<\/strong> aus der Zeit des <strong data-start=\"99\" data-end=\"109\">Barock<\/strong>, vermutlich <strong data-start=\"122\" data-end=\"133\">um 1740<\/strong>, gefertigt aus <strong data-start=\"149\" data-end=\"167\">massiver Eiche<\/strong>. Diese St\u00fccke waren h\u00e4ufig in s\u00fcddeutschen oder mitteldeutschen Haushalten zu finden, besonders im l\u00e4ndlich-b\u00e4uerlichen Bereich, wo sie praktischen Stauraum boten und gleichzeitig ein Statussymbol darstellten.<\/p>\n<div class=\"flex shrink basis-auto flex-col overflow-hidden -mb-(--composer-overlap-px) [--composer-overlap-px:24px] grow\">\n<div class=\"@container h-full overflow-y-auto pb-(--composer-overlap-px) [scrollbar-gutter:stable] group-data-stream-active\/thread:[overflow-anchor:none]\">\n<div class=\"@thread-xl\/thread:pt-header-height mt-1.5 flex flex-col text-sm\">\n<article class=\"text-token-text-primary w-full\" dir=\"auto\" data-testid=\"conversation-turn-2\" data-scroll-anchor=\"false\">\n<div class=\"text-base my-auto mx-auto py-5 [--thread-content-margin:--spacing(4)] @[37rem]:[--thread-content-margin:--spacing(6)] @[70rem]:[--thread-content-margin:--spacing(12)] px-(--thread-content-margin)\">\n<div class=\"[--thread-content-max-width:32rem] @[34rem]:[--thread-content-max-width:40rem] @[64rem]:[--thread-content-max-width:48rem] mx-auto flex max-w-(--thread-content-max-width) flex-1 text-base gap-4 md:gap-5 lg:gap-6 group\/turn-messages focus-visible:outline-hidden\" tabindex=\"-1\">\n<div class=\"group\/conversation-turn relative flex w-full min-w-0 flex-col agent-turn\">\n<div class=\"relative flex-col gap-1 md:gap-3\">\n<div class=\"flex max-w-full flex-col grow\">\n<div class=\"min-h-8 text-message relative flex w-full flex-col items-end gap-2 text-start break-words whitespace-normal [.text-message+&amp;]:mt-5\" dir=\"auto\" data-message-author-role=\"assistant\" data-message-id=\"ef15bc6b-9c3f-4928-bf07-b4546bbefc57\" data-message-model-slug=\"gpt-4o\">\n<div class=\"flex w-full flex-col gap-1 empty:hidden first:pt-[3px]\">\n<div class=\"markdown prose dark:prose-invert w-full break-words light\">\n<hr class=\"\" data-start=\"379\" data-end=\"382\" \/>\n<h2 class=\"\" data-start=\"384\" data-end=\"440\"><strong data-start=\"390\" data-end=\"440\">Eint\u00fcrige Eck-Barock-Anrichte, um 1740<\/strong><\/h2>\n<p class=\"\" data-start=\"466\" data-end=\"738\">Diese au\u00dfergew\u00f6hnliche <strong data-start=\"489\" data-end=\"504\">Eckanrichte<\/strong> stammt aus der <strong data-start=\"520\" data-end=\"542\">Barockzeit um 1740<\/strong> und wurde aus <strong data-start=\"557\" data-end=\"575\">massiver Eiche<\/strong> gefertigt. Die markante Form erlaubt die Platzierung in Raumecken \u2013 eine raffinierte L\u00f6sung zur Raumnutzung, wie sie besonders im 18. Jahrhundert gesch\u00e4tzt wurde.<\/p>\n<p class=\"\" data-start=\"740\" data-end=\"766\">Die Anrichte verf\u00fcgt \u00fcber:<\/p>\n<ul data-start=\"767\" data-end=\"1139\">\n<li class=\"\" data-start=\"767\" data-end=\"834\">\n<p class=\"\" data-start=\"769\" data-end=\"834\">eine <strong data-start=\"774\" data-end=\"834\">eint\u00fcrige Front mit zwei profilierten Kassettenf\u00fcllungen<\/strong><\/p>\n<\/li>\n<li class=\"\" data-start=\"835\" data-end=\"941\">\n<p class=\"\" data-start=\"837\" data-end=\"941\">fein gearbeitete <strong data-start=\"854\" data-end=\"885\">senkrechte Rillenstrukturen<\/strong> (Kanneluren) mit zentralen <strong data-start=\"913\" data-end=\"941\">kreisf\u00f6rmigen Ornamenten<\/strong><\/p>\n<\/li>\n<li class=\"\" data-start=\"942\" data-end=\"976\">\n<p class=\"\" data-start=\"944\" data-end=\"976\">leicht konvex gearbeitete Seiten<\/p>\n<\/li>\n<li class=\"\" data-start=\"977\" data-end=\"1031\">\n<p class=\"\" data-start=\"979\" data-end=\"1031\">einen <strong data-start=\"985\" data-end=\"1006\">gerundeten Sockel<\/strong> mit profilierten Leisten<\/p>\n<\/li>\n<li class=\"\" data-start=\"1032\" data-end=\"1088\">\n<p class=\"\" data-start=\"1034\" data-end=\"1088\">ein typisches, fl\u00e4chiges <strong data-start=\"1059\" data-end=\"1088\">Schl\u00fcsselschild aus Eisen<\/strong><\/p>\n<\/li>\n<li class=\"\" data-start=\"1089\" data-end=\"1139\">\n<p class=\"\" data-start=\"1091\" data-end=\"1139\">originale Beschl\u00e4ge (vermutlich handgeschmiedet)<\/p>\n<\/li>\n<\/ul>\n<p class=\"\" data-start=\"1141\" data-end=\"1306\">Der Zustand ist dem Alter entsprechend gut \u2013 kleinere Gebrauchsspuren und Patina verleihen dem M\u00f6belst\u00fcck seine Authentizit\u00e4t und historisch gewachsene Ausstrahlung.<\/p>\n<h3 class=\"\" data-start=\"1308\" data-end=\"1337\"><strong data-start=\"1316\" data-end=\"1337\">Stil &amp; Einordnung<\/strong><\/h3>\n<ul data-start=\"1338\" data-end=\"1566\">\n<li class=\"\" data-start=\"1338\" data-end=\"1358\">\n<p class=\"\" data-start=\"1340\" data-end=\"1358\"><strong data-start=\"1340\" data-end=\"1351\">Epoche:<\/strong> Barock<\/p>\n<\/li>\n<li class=\"\" data-start=\"1359\" data-end=\"1389\">\n<p class=\"\" data-start=\"1361\" data-end=\"1389\"><strong data-start=\"1361\" data-end=\"1381\">Entstehungszeit:<\/strong> Um 1740<\/p>\n<\/li>\n<li class=\"\" data-start=\"1390\" data-end=\"1442\">\n<p class=\"\" data-start=\"1392\" data-end=\"1442\"><strong data-start=\"1392\" data-end=\"1403\">Region:<\/strong> Vermutlich S\u00fcd- oder Mitteldeutschland<\/p>\n<\/li>\n<li class=\"\" data-start=\"1443\" data-end=\"1470\">\n<p class=\"\" data-start=\"1445\" data-end=\"1470\"><strong data-start=\"1445\" data-end=\"1457\">Holzart:<\/strong> Eiche massiv<\/p>\n<\/li>\n<li class=\"\" data-start=\"1471\" data-end=\"1566\">\n<p class=\"\" data-start=\"1473\" data-end=\"1566\"><strong data-start=\"1473\" data-end=\"1492\">Besonderheiten:<\/strong> Rillenverzierung, zentrales Ziermuster, Eckform, originale Eisenbeschl\u00e4ge<\/p>\n<\/li>\n<\/ul>\n<\/div>\n<\/div>\n<\/div>\n<\/div>\n<\/div>\n<\/div>\n<\/div>\n<\/div>\n<\/article>\n<\/div>\n<\/div>\n<\/div>\n","protected":false},"excerpt":{"rendered":"<p>Eint\u00fcrige Eck-Anrichte aus der Zeit des Barock, vermutlich um 1740, gefertigt aus massiver Eiche. Diese St\u00fccke waren h\u00e4ufig in s\u00fcddeutschen oder mitteldeutschen [&hellip;]<\/p>\n","protected":false},"featured_media":618,"comment_status":"open","ping_status":"closed","template":"","meta":[],"product_brand":[],"product_cat":[23],"product_tag":[],"class_list":["post-617","product","type-product","status-publish","has-post-thumbnail","product_cat-anrichten","first","instock","sale","shipping-taxable","purchasable","product-type-simple"],"jetpack_sharing_enabled":true,"_links":{"self":[{"href":"https:\/\/wocadlo.de\/fw\/wp-json\/wp\/v2\/product\/617","targetHints":{"allow":["GET"]}}],"collection":[{"href":"https:\/\/wocadlo.de\/fw\/wp-json\/wp\/v2\/product"}],"about":[{"href":"https:\/\/wocadlo.de\/fw\/wp-json\/wp\/v2\/types\/product"}],"replies":[{"embeddable":true,"href":"https:\/\/wocadlo.de\/fw\/wp-json\/wp\/v2\/comments?post=617"}],"wp:featuredmedia":[{"embeddable":true,"href":"https:\/\/wocadlo.de\/fw\/wp-json\/wp\/v2\/media\/618"}],"wp:attachment":[{"href":"https:\/\/wocadlo.de\/fw\/wp-json\/wp\/v2\/media?parent=617"}],"wp:term":[{"taxonomy":"product_brand","embeddable":true,"href":"https:\/\/wocadlo.de\/fw\/wp-json\/wp\/v2\/product_brand?post=617"},{"taxonomy":"product_cat","embeddable":true,"href":"https:\/\/wocadlo.de\/fw\/wp-json\/wp\/v2\/product_cat?post=617"},{"taxonomy":"product_tag","embeddable":true,"href":"https:\/\/wocadlo.de\/fw\/wp-json\/wp\/v2\/product_tag?post=617"}],"curies":[{"name":"wp","href":"https:\/\/api.w.org\/{rel}","templated":true}]}}