{"id":4552,"date":"2022-02-12T12:33:17","date_gmt":"2022-02-12T11:33:17","guid":{"rendered":"https:\/\/wocadlo.de\/termine\/?post_type=tribe_events&#038;p=4552"},"modified":"2024-03-18T15:34:21","modified_gmt":"2024-03-18T14:34:21","slug":"zuendstoff_edersee_freie-plaetze","status":"publish","type":"tribe_events","link":"https:\/\/wocadlo.de\/termine\/event\/zuendstoff_edersee_freie-plaetze\/","title":{"rendered":"Segwaytour Z\u00fcndstoff Edersee 6 Pl\u00e4tze frei"},"content":{"rendered":"<p>Eine Segway Tour ab Z\u00fcndstoff Edersee nach Rehbach, am Ederseeufer entlang zur Sperrmauer und zur\u00fcck nach Z\u00fcndstoff Edersee.<\/p>\n<p>Sie fahren von von zur Dornr\u00f6schensh\u00f6h und zum <strong>Yachthafen nach Rehbac<\/strong>h. Vom <strong>Hafenbecken Rehbac<\/strong>h genie\u00dfen Sie einen wunderbaren Rundblick &#8211; nach S\u00fcden auf die bewaldeten Berge des <strong>Nationalparks Kellerwald-Edersee<\/strong> (<strong>UNESCO-Weltnaturerbe<\/strong>), nach Westen auf die Halbinsel Scheid und nach Norden in die idyllische Niederwerber Bucht. Weiter geht es entlang des Ederseewestufers, vorbei am <strong>Treetopwalk, Kletterpark, Aquapark und zur Sperrmauer und zur\u00fcck zu Z\u00fcndstoff-City<\/strong>.<\/p>\n<p><a title=\"YouTube slideshow Rehbach\" href=\"https:\/\/www.youtube.com\/watch?v=IEB9m88QriE\" target=\"_blank\" rel=\"noopener\"><img decoding=\"async\" src=\"https:\/\/segytour.de\/DATEN\/Bilder\/y.png\" width=\"60\" \/><\/a> \u00a0\u00a0 <a title=\"Edersee Segwaytouren\" href=\"https:\/\/segytour.de\/edersee\/\" target=\"_blank\" rel=\"noopener\"><img decoding=\"async\" src=\"https:\/\/segytour.de\/DATEN\/Bilder\/est100.jpg\" alt=\"\" height=\"60\" \/><\/a><\/p>\n","protected":false},"excerpt":{"rendered":"<p>Eine Segway Tour ab Z\u00fcndstoff Edersee nach Rehbach, am Ederseeufer entlang zur Sperrmauer und zur\u00fcck nach Z\u00fcndstoff Edersee. Sie fahren von von [&hellip;]<\/p>\n","protected":false},"author":1,"featured_media":3042,"template":"","meta":{"_tribe_events_status":"","_tribe_events_status_reason":"","footnotes":""},"tags":[],"tribe_events_cat":[18],"class_list":["post-4552","tribe_events","type-tribe_events","status-publish","has-post-thumbnail","hentry","tribe_events_cat-freie-plaetze","cat_freie-plaetze"],"_links":{"self":[{"href":"https:\/\/wocadlo.de\/termine\/wp-json\/wp\/v2\/tribe_events\/4552","targetHints":{"allow":["GET"]}}],"collection":[{"href":"https:\/\/wocadlo.de\/termine\/wp-json\/wp\/v2\/tribe_events"}],"about":[{"href":"https:\/\/wocadlo.de\/termine\/wp-json\/wp\/v2\/types\/tribe_events"}],"author":[{"embeddable":true,"href":"https:\/\/wocadlo.de\/termine\/wp-json\/wp\/v2\/users\/1"}],"version-history":[{"count":1,"href":"https:\/\/wocadlo.de\/termine\/wp-json\/wp\/v2\/tribe_events\/4552\/revisions"}],"predecessor-version":[{"id":4553,"href":"https:\/\/wocadlo.de\/termine\/wp-json\/wp\/v2\/tribe_events\/4552\/revisions\/4553"}],"wp:featuredmedia":[{"embeddable":true,"href":"https:\/\/wocadlo.de\/termine\/wp-json\/wp\/v2\/media\/3042"}],"wp:attachment":[{"href":"https:\/\/wocadlo.de\/termine\/wp-json\/wp\/v2\/media?parent=4552"}],"wp:term":[{"taxonomy":"post_tag","embeddable":true,"href":"https:\/\/wocadlo.de\/termine\/wp-json\/wp\/v2\/tags?post=4552"},{"taxonomy":"tribe_events_cat","embeddable":true,"href":"https:\/\/wocadlo.de\/termine\/wp-json\/wp\/v2\/tribe_events_cat?post=4552"}],"curies":[{"name":"wp","href":"https:\/\/api.w.org\/{rel}","templated":true}]}}