{"id":4646,"date":"2024-04-29T18:05:03","date_gmt":"2024-04-29T16:05:03","guid":{"rendered":"https:\/\/wocadlo.de\/termine\/?post_type=tribe_events&#038;p=4646"},"modified":"2024-04-29T19:22:51","modified_gmt":"2024-04-29T17:22:51","slug":"e-bike-tour-edersees","status":"publish","type":"tribe_events","link":"https:\/\/wocadlo.de\/termine\/event\/e-bike-tour-edersees\/","title":{"rendered":"Natursch\u00f6nheiten und kulturellen Highlights des Edersees auf einer E-Bike-Tour!"},"content":{"rendered":"<p>Wir treffen uns am Samstag, den 25. Mai 2024 um 11:00 Uhr beim Sporty Fahrradverleih am Edersee Marktplatz 1, 34513 Waldeck. Dort suchen Sie sich Ihr Wunsch-E-Bike aus. Das E-Bike wird individuell f\u00fcr sie eingestellt.<\/p>\n<p>&nbsp;<\/p>\n<p><strong>Entdecken Sie die Natursch\u00f6nheiten und kulturellen Highlights des Edersees auf einer E-Bike-Tour!<\/strong><\/p>\n<p>Erleben Sie eine unvergessliche E-Bike-Tour am <strong>Edersee-Ostufer <\/strong>und tauchen Sie ein in die Geschichte versunkener D\u00f6rfer und Orte. Diese traumhafte E-Bike-Tour mit dem herrlichen Seeblick f\u00fchrt entlang des Ederseeufers im Bereich Waldeck. Anschlie\u00dfend fahren Sie \u00fcber die Sperrmauer zum <strong>Edersee-Westufer <\/strong>nach Rehbach. Vom Hafenbecken Rehbach genie\u00dfen Sie einen wunderbaren Rundblick. Nach S\u00fcden auf die bewaldeten Berge des<a href=\"https:\/\/www.nationalpark-kellerwald-edersee.de\/\">\u00a0Nationalparks Kellerwald-Edersee<\/a>\u00a0(UNESCO-Weltnaturerbe), nach Westen auf die Halbinsel Scheid und nach Norden in die idyllische Niederwerber Bucht. Weiter geht es entlang des Ederseewestufers, vorbei am Treetopwalk zum Aquapark und zur Sperrmauer.<br \/>\nVon dort aus fahren wir wieder \u00fcber die Sperrmauer am Ederseeufer entlang zur\u00fcck nach Waldeck.<\/p>\n<p>Als der Stausee angelegt wurde, mussten die drei urspr\u00fcnglich im Edertal liegenden D\u00f6rfer Asel, Berich und Bringhausen weichen und ebenso die Geh\u00f6fte Stollm\u00fchle, Gut Vornhagen, Bericher H\u00fctte sowie der &#8222;Niederwerber Hammer&#8220;. Unsere Tourf\u00fchrer wissen spannende Geschichten zu erz\u00e4hlen \u00fcber versunkene Orte wie D\u00f6rfer, Br\u00fccken, Friedh\u00f6fe und ein Nonnenkloster, deren \u00dcberreste bei Niedrigwasser auftauchen. W\u00e4hrend der Tour sehen Sie historische Aufnahmen an den Originalorten.<\/p>\n<p>W\u00e4hrend der Tour besuchen wir auch die Dorfstelle Berich. Etwa 3 Kilometer von Schloss Waldeck entfernt lag auf einem schmalen Bergrand das \u00d6rtchen Berich. Vor dem Staumauerbau lebten hier 134 Menschen, die allesamt inklusive Kirche in Neu-Berich (bei Bad-Arolsen) neu angesiedelt wurden. Die Gr\u00e4ber des Bericher Friedhofs wurden mit Steinplatten bedeckt. Das Gr\u00e4berfeld wird ab einem Wasserstand von 231,00 m \u00fc. NN sichtbar.<\/p>\n","protected":false},"excerpt":{"rendered":"<p>Wir treffen uns am Samstag, den 25. Mai 2024 um 11:00 Uhr beim Sporty Fahrradverleih am Edersee Marktplatz 1, 34513 Waldeck. Dort [&hellip;]<\/p>\n","protected":false},"author":1,"featured_media":4647,"template":"","meta":{"_tribe_events_status":"","_tribe_events_status_reason":"","footnotes":""},"tags":[],"tribe_events_cat":[],"class_list":["post-4646","tribe_events","type-tribe_events","status-publish","has-post-thumbnail","hentry"],"_links":{"self":[{"href":"https:\/\/wocadlo.de\/termine\/wp-json\/wp\/v2\/tribe_events\/4646","targetHints":{"allow":["GET"]}}],"collection":[{"href":"https:\/\/wocadlo.de\/termine\/wp-json\/wp\/v2\/tribe_events"}],"about":[{"href":"https:\/\/wocadlo.de\/termine\/wp-json\/wp\/v2\/types\/tribe_events"}],"author":[{"embeddable":true,"href":"https:\/\/wocadlo.de\/termine\/wp-json\/wp\/v2\/users\/1"}],"version-history":[{"count":5,"href":"https:\/\/wocadlo.de\/termine\/wp-json\/wp\/v2\/tribe_events\/4646\/revisions"}],"predecessor-version":[{"id":4656,"href":"https:\/\/wocadlo.de\/termine\/wp-json\/wp\/v2\/tribe_events\/4646\/revisions\/4656"}],"wp:featuredmedia":[{"embeddable":true,"href":"https:\/\/wocadlo.de\/termine\/wp-json\/wp\/v2\/media\/4647"}],"wp:attachment":[{"href":"https:\/\/wocadlo.de\/termine\/wp-json\/wp\/v2\/media?parent=4646"}],"wp:term":[{"taxonomy":"post_tag","embeddable":true,"href":"https:\/\/wocadlo.de\/termine\/wp-json\/wp\/v2\/tags?post=4646"},{"taxonomy":"tribe_events_cat","embeddable":true,"href":"https:\/\/wocadlo.de\/termine\/wp-json\/wp\/v2\/tribe_events_cat?post=4646"}],"curies":[{"name":"wp","href":"https:\/\/api.w.org\/{rel}","templated":true}]}}